{"id":314,"date":"2016-02-15T22:24:00","date_gmt":"2016-02-15T22:24:00","guid":{"rendered":"https:\/\/2016.gdynia.wordcamp.org\/?page_id=314"},"modified":"2016-06-14T17:33:41","modified_gmt":"2016-06-14T17:33:41","slug":"prelegenci","status":"publish","type":"page","link":"https:\/\/gdynia.wordcamp.org\/2016\/prelegenci\/","title":{"rendered":"Prelegenci WordCamp Gdynia"},"content":{"rendered":"<p>Tematem przewodnim tegorocznego WordCampa jest <strong>#kreatywno\u015b\u0107<\/strong>. Dlaczego? WordPress odgrywa du\u017c\u0105 rol\u0119 w bran\u017cy kreatywnej &#8211; korzystaj\u0105 z niego arty\u015bci zajmuj\u0105cy si\u0119 fotografi\u0105, grafik\u0105, animacj\u0105, designem, blogerzy czy pisarze. Co wi\u0119cej &#8211; bycie WordPressowym deweloperem wymaga kreatywno\u015bci, otwarto\u015bci umys\u0142u czy \u017cy\u0142ki poszukiwacza. Tworzenie &#8222;internet\u00f3w&#8221; to nie tylko pisanie kolejnych linijek kodu &#8211; programi\u015bci, front i backendowcy, deweloperzy &#8211; to ludzie z natury kreatywni, kt\u00f3ry nie boj\u0105 si\u0119 wyzwa\u0144, jakie stawia przed nimi \u015bwiat nowych technologii.<\/p>\n<p>W programie WordCamp Gdynia znajd\u0105 si\u0119 tylko najciekawsze prelekcje i prezentacje. Niebawem poznacie pe\u0142n\u0105 agend\u0119 &#8211; tymczasem zapraszamy do zapoznania si\u0119 z potwierdzonymi prelegentami oraz tematami, jakie zaprezentuj\u0105 podczas wrze\u015bniowego spotkania.<\/p>\n\n\t<div class=\"wcorg-speakers\">\n\n\t\t\n\t\t\t<!-- Organizers note: The id attribute is deprecated and only remains for backwards compatibility, please use the corresponding class to target individual speakers -->\n\t\t\t<div id=\"wcorg-speaker-aleksandar-savkovic\" class=\"wcorg-speaker wcorg-speaker-aleksandar-savkovic wcorg-track-open-2\">\n\t\t\t\t<h2>\n\t\t\t\t\t\n\t\t\t\t\t\tAleksandar Savkovic\n\t\t\t\t\t\t\t\t\t<\/h2>\n\n\t\t\t\t<div class=\"wcorg-speaker-description\">\n\t\t\t\t\t<img alt='' src='https:\/\/secure.gravatar.com\/avatar\/5146c1a41478893f9b8b398dc45e26d03d5dc682200740bdae73053b39de744a?s=100&#038;d=mm&#038;r=g' srcset='https:\/\/secure.gravatar.com\/avatar\/5146c1a41478893f9b8b398dc45e26d03d5dc682200740bdae73053b39de744a?s=200&#038;d=mm&#038;r=g 2x' class='avatar avatar-100 photo' height='100' width='100' \/>\t\t\t\t\t<p><img loading=\"lazy\" decoding=\"async\" data-attachment-id=\"1325\" data-permalink=\"https:\/\/gdynia.wordcamp.org\/2016\/speaker\/aleksandar-savkovic\/aleksandar-savkovic-2\/\" data-orig-file=\"https:\/\/gdynia.wordcamp.org\/2016\/files\/2016\/06\/aleksandar-savkovic.jpg\" data-orig-size=\"240,240\" data-comments-opened=\"1\" data-image-meta=\"{&quot;aperture&quot;:&quot;0&quot;,&quot;credit&quot;:&quot;&quot;,&quot;camera&quot;:&quot;&quot;,&quot;caption&quot;:&quot;&quot;,&quot;created_timestamp&quot;:&quot;0&quot;,&quot;copyright&quot;:&quot;&quot;,&quot;focal_length&quot;:&quot;0&quot;,&quot;iso&quot;:&quot;0&quot;,&quot;shutter_speed&quot;:&quot;0&quot;,&quot;title&quot;:&quot;&quot;,&quot;orientation&quot;:&quot;0&quot;}\" data-image-title=\"aleksandar savkovic\" data-image-description=\"\" data-image-caption=\"\" data-large-file=\"https:\/\/gdynia.wordcamp.org\/2016\/files\/2016\/06\/aleksandar-savkovic.jpg\" class=\"size-full wp-image-1325 alignleft\" src=\"https:\/\/2016.gdynia.wordcamp.org\/files\/2016\/06\/aleksandar-savkovic.jpg\" alt=\"aleksandar savkovic\" width=\"240\" height=\"240\" srcset=\"https:\/\/gdynia.wordcamp.org\/2016\/files\/2016\/06\/aleksandar-savkovic.jpg 240w, https:\/\/gdynia.wordcamp.org\/2016\/files\/2016\/06\/aleksandar-savkovic-150x150.jpg 150w\" sizes=\"auto, (max-width: 240px) 100vw, 240px\" \/>A WordPress developer, Customer Happiness Engineer at <a href=\"https:\/\/managewp.com\/\" target=\"_blank\">ManageWP<\/a>, WordCamp Belgrade co-organizer, the member of WordPress Polyglots and Training team and WordPress Lecturer. His main occupation and hobby is WordPress from another angle. It is not all about the code, there is something in a human touch.<\/p>\n<h3>Is your product easy to use and why it isn&#8217;t<\/h3>\n<p>How hard and costly can be transition from old to new product with mostly the same but improved features and how to make it as much as possible painless and overcome the users habits.<\/p>\n\t\t\t\t<\/div>\n\t\t\t<\/div>\n\n\t\t\n\t\t\t<!-- Organizers note: The id attribute is deprecated and only remains for backwards compatibility, please use the corresponding class to target individual speakers -->\n\t\t\t<div id=\"wcorg-speaker-aleksander-kuczek\" class=\"wcorg-speaker wcorg-speaker-aleksander-kuczek wcorg-track-developer\">\n\t\t\t\t<h2>\n\t\t\t\t\t\n\t\t\t\t\t\tAleksander Kuczek\n\t\t\t\t\t\t\t\t\t<\/h2>\n\n\t\t\t\t<div class=\"wcorg-speaker-description\">\n\t\t\t\t\t<img alt='' src='https:\/\/secure.gravatar.com\/avatar\/?s=100&#038;d=mm&#038;r=g' srcset='https:\/\/secure.gravatar.com\/avatar\/?s=200&#038;d=mm&#038;r=g 2x' class='avatar avatar-100 photo avatar-default' height='100' width='100' \/>\t\t\t\t\t<p><img loading=\"lazy\" decoding=\"async\" data-attachment-id=\"962\" data-permalink=\"https:\/\/gdynia.wordcamp.org\/2016\/speaker\/aleksander-kuczek\/aleksander-kuczek-2\/\" data-orig-file=\"https:\/\/gdynia.wordcamp.org\/2016\/files\/2016\/06\/aleksander-kuczek.jpg\" data-orig-size=\"300,300\" data-comments-opened=\"1\" data-image-meta=\"{&quot;aperture&quot;:&quot;0&quot;,&quot;credit&quot;:&quot;&quot;,&quot;camera&quot;:&quot;&quot;,&quot;caption&quot;:&quot;&quot;,&quot;created_timestamp&quot;:&quot;1397649426&quot;,&quot;copyright&quot;:&quot;&quot;,&quot;focal_length&quot;:&quot;0&quot;,&quot;iso&quot;:&quot;0&quot;,&quot;shutter_speed&quot;:&quot;0&quot;,&quot;title&quot;:&quot;&quot;,&quot;orientation&quot;:&quot;0&quot;}\" data-image-title=\"aleksander kuczek\" data-image-description=\"\" data-image-caption=\"\" data-large-file=\"https:\/\/gdynia.wordcamp.org\/2016\/files\/2016\/06\/aleksander-kuczek.jpg\" class=\"size-full wp-image-962 alignleft\" src=\"https:\/\/2016.gdynia.wordcamp.org\/files\/2016\/06\/aleksander-kuczek.jpg\" alt=\"aleksander kuczek\" width=\"300\" height=\"300\" srcset=\"https:\/\/gdynia.wordcamp.org\/2016\/files\/2016\/06\/aleksander-kuczek.jpg 300w, https:\/\/gdynia.wordcamp.org\/2016\/files\/2016\/06\/aleksander-kuczek-150x150.jpg 150w\" sizes=\"auto, (max-width: 300px) 100vw, 300px\" \/>CEO i wsp\u00f3\u0142tw\u00f3rca <a href=\"https:\/\/perfectdashboard.co\/index.html\" target=\"_blank\">Perfect Dashboard<\/a> \u2013 platformy oszcz\u0119dzaj\u0105cej administratorom stron internetowych 50% czasu w codziennych i niecodziennych czynno\u015bciach. Wierzy, \u017ce internet jest kluczem do rozwoju ka\u017cdego biznesu. Swoj\u0105 pierwsz\u0105 stron\u0119 internetow\u0105 stworzy\u0142 w wieku 15 lat, a maj\u0105c lat 17 za\u0142o\u017cy\u0142 pierwsz\u0105 firm\u0119. Prywatnie pasjonuje si\u0119 optymalizacj\u0105 wszystkiego co mo\u017cliwe i czerpaniem z \u017cycia, ile tylko si\u0119 da. Prelegent na konferencjach bran\u017cowych w kraju i za granic\u0105. Po pracy zarz\u0105dza wirtualnymi imperiami w grach komputerowych.<\/p>\n<h4><strong>Jak Twoja strona internetowa wp\u0142ywa na reputacj\u0119 WordPressa i co mo\u017cesz z tym zrobi\u0107?<\/strong><\/h4>\n<p>Reputacja ca\u0142ej spo\u0142eczno\u015bci WordPress zale\u017cy od jako\u015bci stron internetowych. Twoje strony www wp\u0142ywaj\u0105 na to jak WordPress jest postrzegany. Z tej prezentacji dowiesz si\u0119 dlaczego wa\u017cne jest tworzenie stron wysokiej jako\u015bci oraz dbanie o ich bezpiecze\u0144stwo i aktualno\u015b\u0107. Poznamy narz\u0119dzia, tricki i dobre praktyki, pozwalaj\u0105ce podnie\u015b\u0107 jako\u015b\u0107 stron www oraz reputacj\u0119 WordPressa jako CMS, na kt\u00f3rym mo\u017cna polega\u0107 przy ma\u0142ych i du\u017cych projektach.<\/p>\n\t\t\t\t<\/div>\n\t\t\t<\/div>\n\n\t\t\n\t\t\t<!-- Organizers note: The id attribute is deprecated and only remains for backwards compatibility, please use the corresponding class to target individual speakers -->\n\t\t\t<div id=\"wcorg-speaker-aleksandra-gosciniak\" class=\"wcorg-speaker wcorg-speaker-aleksandra-gosciniak wcorg-track-open-2\">\n\t\t\t\t<h2>\n\t\t\t\t\t\n\t\t\t\t\t\tAleksandra Go\u015bciniak\n\t\t\t\t\t\t\t\t\t<\/h2>\n\n\t\t\t\t<div class=\"wcorg-speaker-description\">\n\t\t\t\t\t<img alt='' src='https:\/\/secure.gravatar.com\/avatar\/f2402d38b8aa5c543105ae9f41008d327142798f8298053fb03970b23d38093c?s=100&#038;d=mm&#038;r=g' srcset='https:\/\/secure.gravatar.com\/avatar\/f2402d38b8aa5c543105ae9f41008d327142798f8298053fb03970b23d38093c?s=200&#038;d=mm&#038;r=g 2x' class='avatar avatar-100 photo' height='100' width='100' \/>\t\t\t\t\t<p><img loading=\"lazy\" decoding=\"async\" data-attachment-id=\"1071\" data-permalink=\"https:\/\/gdynia.wordcamp.org\/2016\/speaker\/aleksandra-gosciniak\/ola-gosciniak\/\" data-orig-file=\"https:\/\/gdynia.wordcamp.org\/2016\/files\/2016\/06\/ola-gosciniak.jpg\" data-orig-size=\"1280,1920\" data-comments-opened=\"1\" data-image-meta=\"{&quot;aperture&quot;:&quot;0&quot;,&quot;credit&quot;:&quot;&quot;,&quot;camera&quot;:&quot;&quot;,&quot;caption&quot;:&quot;&quot;,&quot;created_timestamp&quot;:&quot;0&quot;,&quot;copyright&quot;:&quot;&quot;,&quot;focal_length&quot;:&quot;0&quot;,&quot;iso&quot;:&quot;0&quot;,&quot;shutter_speed&quot;:&quot;0&quot;,&quot;title&quot;:&quot;&quot;,&quot;orientation&quot;:&quot;0&quot;}\" data-image-title=\"ola-gosciniak\" data-image-description=\"\" data-image-caption=\"\" data-large-file=\"https:\/\/gdynia.wordcamp.org\/2016\/files\/2016\/06\/ola-gosciniak-683x1024.jpg\" class=\"size-medium wp-image-1071 alignleft\" src=\"https:\/\/2016.gdynia.wordcamp.org\/files\/2016\/06\/ola-gosciniak-200x300.jpg\" alt=\"ola-gosciniak\" width=\"200\" height=\"300\" srcset=\"https:\/\/gdynia.wordcamp.org\/2016\/files\/2016\/06\/ola-gosciniak-200x300.jpg 200w, https:\/\/gdynia.wordcamp.org\/2016\/files\/2016\/06\/ola-gosciniak-683x1024.jpg 683w, https:\/\/gdynia.wordcamp.org\/2016\/files\/2016\/06\/ola-gosciniak.jpg 1280w\" sizes=\"auto, (max-width: 200px) 100vw, 200px\" \/><\/p>\n<p>W\u0142a\u015bcicielka <a href=\"http:\/\/Imagospot.pl\">Imagospot.pl<\/a>, kt\u00f3ra ma ponad 7-letnie do\u015bwiadczenie w tworzeniu profesjonalnych stron WWW.\u00a0Udziela si\u0119 na blogu <a href=\"http:\/\/jesteminteraktywna.pl\">jesteminteraktywna.pl<\/a> i u\u0142atwia pocz\u0105tkuj\u0105cym ujarzmi\u0107 WordPressa. Jej misj\u0105 jest zmiana oblicza Internetu, ogl\u0105danie ka\u017cdej strony WWW powinno sprawia\u0107 rado\u015b\u0107.<\/p>\n<p>&nbsp;<\/p>\n<h4>Zatrudnij mnie! &#8211; czyli jak szuka\u0107 potencjalnych klient\u00f3w?<\/h4>\n<p>Zastanawiasz si\u0119, jak znale\u017a\u0107 warto\u015bciowych klient\u00f3w, kt\u00f3rzy doceni\u0105 Twoj\u0105 prac\u0119 i nie b\u0119d\u0105 wyk\u0142\u00f3ca\u0107 si\u0119 o ka\u017cd\u0105 z\u0142ot\u00f3wk\u0119? Aleksandra opowie o swoich sposobach szukania nowych zlece\u0144, kt\u00f3re stosuje w swojej codziennej pracy. Dowiemy si\u0119 tak\u017ce, jak NIE warto szuka\u0107 nowych klient\u00f3w, aby nie wpakowa\u0107 si\u0119 na przys\u0142owiow\u0105 min\u0119. W ko\u0144cu praca ma by\u0107 przyjemno\u015bci\u0105!<\/p>\n\t\t\t\t<\/div>\n\t\t\t<\/div>\n\n\t\t\n\t\t\t<!-- Organizers note: The id attribute is deprecated and only remains for backwards compatibility, please use the corresponding class to target individual speakers -->\n\t\t\t<div id=\"wcorg-speaker-arek-steplowski\" class=\"wcorg-speaker wcorg-speaker-arek-steplowski wcorg-track-open\">\n\t\t\t\t<h2>\n\t\t\t\t\t\n\t\t\t\t\t\tArek St\u0119plowski\n\t\t\t\t\t\t\t\t\t<\/h2>\n\n\t\t\t\t<div class=\"wcorg-speaker-description\">\n\t\t\t\t\t<img alt='' src='https:\/\/secure.gravatar.com\/avatar\/936854a95cbb194f1beb45f702f5de00ff32e20b8356a12370cb86f9b27b5a57?s=100&#038;d=mm&#038;r=g' srcset='https:\/\/secure.gravatar.com\/avatar\/936854a95cbb194f1beb45f702f5de00ff32e20b8356a12370cb86f9b27b5a57?s=200&#038;d=mm&#038;r=g 2x' class='avatar avatar-100 photo' height='100' width='100' \/>\t\t\t\t\t<p><img loading=\"lazy\" decoding=\"async\" data-attachment-id=\"1355\" data-permalink=\"https:\/\/gdynia.wordcamp.org\/2016\/speaker\/arek-steplowski\/arek-tux\/\" data-orig-file=\"https:\/\/gdynia.wordcamp.org\/2016\/files\/2016\/07\/arek-tux.jpg\" data-orig-size=\"1990,1407\" data-comments-opened=\"1\" data-image-meta=\"{&quot;aperture&quot;:&quot;0&quot;,&quot;credit&quot;:&quot;&quot;,&quot;camera&quot;:&quot;&quot;,&quot;caption&quot;:&quot;&quot;,&quot;created_timestamp&quot;:&quot;0&quot;,&quot;copyright&quot;:&quot;&quot;,&quot;focal_length&quot;:&quot;0&quot;,&quot;iso&quot;:&quot;0&quot;,&quot;shutter_speed&quot;:&quot;0&quot;,&quot;title&quot;:&quot;&quot;,&quot;orientation&quot;:&quot;0&quot;}\" data-image-title=\"Arek St\u0119plowski\" data-image-description=\"\" data-image-caption=\"\" data-large-file=\"https:\/\/gdynia.wordcamp.org\/2016\/files\/2016\/07\/arek-tux-1024x724.jpg\" class=\"size-medium wp-image-1355 alignleft\" src=\"https:\/\/2016.gdynia.wordcamp.org\/files\/2016\/07\/arek-tux-300x212.jpg\" alt=\"Arek St\u0119plowski\" width=\"300\" height=\"212\" srcset=\"https:\/\/gdynia.wordcamp.org\/2016\/files\/2016\/07\/arek-tux-300x212.jpg 300w, https:\/\/gdynia.wordcamp.org\/2016\/files\/2016\/07\/arek-tux-1024x724.jpg 1024w, https:\/\/gdynia.wordcamp.org\/2016\/files\/2016\/07\/arek-tux-424x300.jpg 424w, https:\/\/gdynia.wordcamp.org\/2016\/files\/2016\/07\/arek-tux.jpg 1990w\" sizes=\"auto, (max-width: 300px) 100vw, 300px\" \/>Dinozaur pami\u0119taj\u0105cy czasy LOAD &#8222;*\u201d,8,1 oraz szcz\u0119\u015bliwy posiadacz BBS-a przez tydzie\u0144. Wizjoner, z \u017calem w sercu obserwuj\u0105cy jak \u201edziki zach\u00f3d\u201d internetu upada na kolana pod wp\u0142ywem polityk\u00f3w i korporacji. Zawodowo zarz\u0105dza informacj\u0105, ostatnio wspiera bibliotekarki w wymianie toner\u00f3w. Wyznawca synergii oraz Pastafarianizmu.<\/p>\n<h3>Najd\u0142u\u017csze wdro\u017cenie \u015bwiata<\/h3>\n<p>Migracja ponad 4000 post\u00f3w z Joomla 1.5 do WordpPress 4.0 i kolejnych (w miar\u0119 up\u0142ywu czasu) w jednej z najwi\u0119kszych Bibliotek Publicznych w kraju. Przedstawienie problem\u00f3w technicznych i organizacyjnych w kontek\u015bcie niedofinansowanej jednostki bud\u017cetowej.<\/p>\n\t\t\t\t<\/div>\n\t\t\t<\/div>\n\n\t\t\n\t\t\t<!-- Organizers note: The id attribute is deprecated and only remains for backwards compatibility, please use the corresponding class to target individual speakers -->\n\t\t\t<div id=\"wcorg-speaker-daniel-wlazlak\" class=\"wcorg-speaker wcorg-speaker-daniel-wlazlak wcorg-track-open\">\n\t\t\t\t<h2>\n\t\t\t\t\t\n\t\t\t\t\t\tDaniel Wla\u017alak\n\t\t\t\t\t\t\t\t\t<\/h2>\n\n\t\t\t\t<div class=\"wcorg-speaker-description\">\n\t\t\t\t\t<img alt='' src='https:\/\/secure.gravatar.com\/avatar\/e6ae49b2a8af20ade0e7179d4fe1c0b57f796a0679b17a6da86b3b444e1d0506?s=100&#038;d=mm&#038;r=g' srcset='https:\/\/secure.gravatar.com\/avatar\/e6ae49b2a8af20ade0e7179d4fe1c0b57f796a0679b17a6da86b3b444e1d0506?s=200&#038;d=mm&#038;r=g 2x' class='avatar avatar-100 photo' height='100' width='100' \/>\t\t\t\t\t<p><img loading=\"lazy\" decoding=\"async\" data-attachment-id=\"1130\" data-permalink=\"https:\/\/gdynia.wordcamp.org\/2016\/speaker\/daniel-wlazlak\/daniel-wlazlak\/\" data-orig-file=\"https:\/\/gdynia.wordcamp.org\/2016\/files\/2016\/06\/daniel-wlazlak.jpg\" data-orig-size=\"2878,4102\" data-comments-opened=\"1\" data-image-meta=\"{&quot;aperture&quot;:&quot;0&quot;,&quot;credit&quot;:&quot;&quot;,&quot;camera&quot;:&quot;&quot;,&quot;caption&quot;:&quot;&quot;,&quot;created_timestamp&quot;:&quot;1463325173&quot;,&quot;copyright&quot;:&quot;&quot;,&quot;focal_length&quot;:&quot;0&quot;,&quot;iso&quot;:&quot;0&quot;,&quot;shutter_speed&quot;:&quot;0&quot;,&quot;title&quot;:&quot;&quot;,&quot;orientation&quot;:&quot;0&quot;}\" data-image-title=\"daniel wlazlak\" data-image-description=\"\" data-image-caption=\"\" data-large-file=\"https:\/\/gdynia.wordcamp.org\/2016\/files\/2016\/06\/daniel-wlazlak-718x1024.jpg\" class=\"size-medium wp-image-1130 alignleft\" src=\"https:\/\/2016.gdynia.wordcamp.org\/files\/2016\/06\/daniel-wlazlak-210x300.jpg\" alt=\"daniel wlazlak\" width=\"210\" height=\"300\" srcset=\"https:\/\/gdynia.wordcamp.org\/2016\/files\/2016\/06\/daniel-wlazlak-210x300.jpg 210w, https:\/\/gdynia.wordcamp.org\/2016\/files\/2016\/06\/daniel-wlazlak-718x1024.jpg 718w\" sizes=\"auto, (max-width: 210px) 100vw, 210px\" \/>Specjalista SEO\/Web Developer. Do\u015bwiadczenie w SEO zdobywa\u0142 pracuj\u0105c przy portalach najwi\u0119kszej polskiej grupy mediowej Agora S.A. m.in. gazeta.pl, wyborcza.pl, tokfm.pl, metrocafe.pl, sport.pl, plotek.pl, ladnydom.pl, ugotuj.to, blox.pl, avanti24.pl. Aktualnie jest odpowiedzialny za planowanie i prowadzenie kampanii SEO dla portali biznesowych grupy Bonnier Business Polska \u2013 bankier.pl oraz pb.pl.<\/p>\n<h3>Daj si\u0119 znale\u017a\u0107 &#8211; SEO dla WordPress<\/h3>\n<p>W swojej prezentacji zaprezentuje w jaki spos\u00f3b zaplanowa\u0107 i wdro\u017cy\u0107 rozwi\u0105zania SEO na nowotworzonej stronie internetowej, unikaj\u0105c b\u0142\u0119d\u00f3w mog\u0105cych zdecydowa\u0107 w przysz\u0142o\u015bci o mniejszej widoczno\u015bci strony w popularnych przegl\u0105darkach. W przyst\u0119pny spos\u00f3b zademonstruje m.in. w jaki spos\u00f3b skonfigurowa\u0107 CMS, optymalizowa\u0107 kod \u017ar\u00f3d\u0142owy, zaplanowa\u0107 frazy kluczowe czy oceni\u0107 i przeanalizowa\u0107 konkurencj\u0119 na rynku.<\/p>\n<p>&nbsp;<\/p>\n\t\t\t\t<\/div>\n\t\t\t<\/div>\n\n\t\t\n\t\t\t<!-- Organizers note: The id attribute is deprecated and only remains for backwards compatibility, please use the corresponding class to target individual speakers -->\n\t\t\t<div id=\"wcorg-speaker-dorota-krzos\" class=\"wcorg-speaker wcorg-speaker-dorota-krzos wcorg-track-design\">\n\t\t\t\t<h2>\n\t\t\t\t\t\n\t\t\t\t\t\tDorota Krzos\n\t\t\t\t\t\t\t\t\t<\/h2>\n\n\t\t\t\t<div class=\"wcorg-speaker-description\">\n\t\t\t\t\t<img alt='' src='https:\/\/secure.gravatar.com\/avatar\/25034711f88486112e690b5f5b0103907604938339a14fcbf3c961a5f53cd70a?s=100&#038;d=mm&#038;r=g' srcset='https:\/\/secure.gravatar.com\/avatar\/25034711f88486112e690b5f5b0103907604938339a14fcbf3c961a5f53cd70a?s=200&#038;d=mm&#038;r=g 2x' class='avatar avatar-100 photo' height='100' width='100' \/>\t\t\t\t\t<p><img loading=\"lazy\" decoding=\"async\" data-attachment-id=\"1196\" data-permalink=\"https:\/\/gdynia.wordcamp.org\/2016\/speaker\/dorota-krzos\/dorota-krzos\/\" data-orig-file=\"https:\/\/gdynia.wordcamp.org\/2016\/files\/2016\/06\/Dorota-Krzos.jpg\" data-orig-size=\"800,800\" data-comments-opened=\"1\" data-image-meta=\"{&quot;aperture&quot;:&quot;0&quot;,&quot;credit&quot;:&quot;&quot;,&quot;camera&quot;:&quot;&quot;,&quot;caption&quot;:&quot;&quot;,&quot;created_timestamp&quot;:&quot;0&quot;,&quot;copyright&quot;:&quot;&quot;,&quot;focal_length&quot;:&quot;0&quot;,&quot;iso&quot;:&quot;0&quot;,&quot;shutter_speed&quot;:&quot;0&quot;,&quot;title&quot;:&quot;&quot;,&quot;orientation&quot;:&quot;0&quot;}\" data-image-title=\"Dorota Krzos\" data-image-description=\"\" data-image-caption=\"\" data-large-file=\"https:\/\/gdynia.wordcamp.org\/2016\/files\/2016\/06\/Dorota-Krzos.jpg\" class=\"size-medium wp-image-1196 alignleft\" src=\"https:\/\/2016.gdynia.wordcamp.org\/files\/2016\/06\/Dorota-Krzos-300x300.jpg\" alt=\"Dorota Krzos\" width=\"300\" height=\"300\" srcset=\"https:\/\/gdynia.wordcamp.org\/2016\/files\/2016\/06\/Dorota-Krzos-300x300.jpg 300w, https:\/\/gdynia.wordcamp.org\/2016\/files\/2016\/06\/Dorota-Krzos-150x150.jpg 150w, https:\/\/gdynia.wordcamp.org\/2016\/files\/2016\/06\/Dorota-Krzos.jpg 800w\" sizes=\"auto, (max-width: 300px) 100vw, 300px\" \/>Front-end developer z kilkuletnim do\u015bwiadczeniem. Obecnie jej miejscem pracy jest Schibsted Tech Polska w Krakowie, wcze\u015bniej przez ponad 2 lata by\u0142a pracownikiem agencji interaktywnej, gdzie by\u0142a odpowiedzialna za tworzenie szablon\u00f3w stron opartych na systemie WordPress oraz sklep\u00f3w internetowych. W wolnym czasie robi bi\u017cuteri\u0119 i uczy si\u0119 szy\u0107. Po\u0142\u0105czenie zmys\u0142u artystycznego z umiej\u0119tno\u015bciami technicznymi sprawia, \u017ce przywi\u0105zuje wielk\u0105 wag\u0119 do wygl\u0105du stron internetowych.<\/p>\n<h3>Znaczenie koloru i budowanie palety barw dla strony internetowej<\/h3>\n<p>Podczas prezentacji dowiemy si\u0119, jak dobiera\u0107 kolory do projektu strony internetowej i jak budowa\u0107 palety barw. Us\u0142yszymy jakie znaczenie maj\u0105 barwy i poznamy narz\u0119dzia, kt\u00f3re u\u0142atwiaj\u0105 prac\u0119 z kolorami.<\/p>\n\t\t\t\t<\/div>\n\t\t\t<\/div>\n\n\t\t\n\t\t\t<!-- Organizers note: The id attribute is deprecated and only remains for backwards compatibility, please use the corresponding class to target individual speakers -->\n\t\t\t<div id=\"wcorg-speaker-jacek-klosinski\" class=\"wcorg-speaker wcorg-speaker-jacek-klosinski wcorg-track-design\">\n\t\t\t\t<h2>\n\t\t\t\t\t\n\t\t\t\t\t\tJacek K\u0142osi\u0144ski\n\t\t\t\t\t\t\t\t\t<\/h2>\n\n\t\t\t\t<div class=\"wcorg-speaker-description\">\n\t\t\t\t\t<img alt='' src='https:\/\/secure.gravatar.com\/avatar\/d1e0695992d8399b0dce2324e99ba4324b88e7cbd6ff8037afc3a9857fc609c5?s=100&#038;d=mm&#038;r=g' srcset='https:\/\/secure.gravatar.com\/avatar\/d1e0695992d8399b0dce2324e99ba4324b88e7cbd6ff8037afc3a9857fc609c5?s=200&#038;d=mm&#038;r=g 2x' class='avatar avatar-100 photo' height='100' width='100' \/>\t\t\t\t\t<p><img loading=\"lazy\" decoding=\"async\" data-attachment-id=\"2260\" data-permalink=\"https:\/\/gdynia.wordcamp.org\/2016\/speaker\/jacek-klosinski\/jacek_klosinski_2016\/\" data-orig-file=\"https:\/\/gdynia.wordcamp.org\/2016\/files\/2016\/09\/Jacek_Klosinski_2016.jpg\" data-orig-size=\"668,480\" data-comments-opened=\"1\" data-image-meta=\"{&quot;aperture&quot;:&quot;0&quot;,&quot;credit&quot;:&quot;&quot;,&quot;camera&quot;:&quot;&quot;,&quot;caption&quot;:&quot;&quot;,&quot;created_timestamp&quot;:&quot;0&quot;,&quot;copyright&quot;:&quot;&quot;,&quot;focal_length&quot;:&quot;0&quot;,&quot;iso&quot;:&quot;0&quot;,&quot;shutter_speed&quot;:&quot;0&quot;,&quot;title&quot;:&quot;&quot;,&quot;orientation&quot;:&quot;0&quot;}\" data-image-title=\"Jacek_Klosinski\" data-image-description=\"\" data-image-caption=\"\" data-large-file=\"https:\/\/gdynia.wordcamp.org\/2016\/files\/2016\/09\/Jacek_Klosinski_2016.jpg\" class=\"size-medium wp-image-2260 alignleft\" src=\"https:\/\/2016.gdynia.wordcamp.org\/files\/2016\/09\/Jacek_Klosinski_2016-300x216.jpg\" alt=\"Jacek_Klosinski\" width=\"300\" height=\"216\" srcset=\"https:\/\/gdynia.wordcamp.org\/2016\/files\/2016\/09\/Jacek_Klosinski_2016-300x216.jpg 300w, https:\/\/gdynia.wordcamp.org\/2016\/files\/2016\/09\/Jacek_Klosinski_2016-418x300.jpg 418w, https:\/\/gdynia.wordcamp.org\/2016\/files\/2016\/09\/Jacek_Klosinski_2016.jpg 668w\" sizes=\"auto, (max-width: 300px) 100vw, 300px\" \/>Pomagam innym w kreatywnej pracy. Mojego bloga <a href=\"http:\/\/klosinski.net\/\" target=\"_blank\">klosinski.net<\/a> odwiedza co miesi\u0105c kilkadziesi\u0105t tysi\u0119cy os\u00f3b. Prowadz\u0119 szkolenia, w kt\u00f3rych uczestnicz\u0105 pracownicy du\u017cych korporacji (Orange, Comarch, Bank BPH), instytucji miejskich (Urz\u0105d Miasta Wroc\u0142awia), ale te\u017c freelancerzy, startupy i mali przedsi\u0119biorcy. Od ponad 10 lat jestem zawodowo zwi\u0105zany z projektowaniem graficznym. Mia\u0142em okazj\u0119 wsp\u00f3\u0142pracowa\u0107 ze znanymi markami, takimi jak Dr Oetker, czy Amnesty International, instytucjami kultury jak Opera Narodowa, a tak\u017ce dziesi\u0105tkami mniejszych i wi\u0119kszych firm oraz organizacji. Prowadz\u0119 zaj\u0119cia na studiach podyplomowych i opowiadam na bran\u017cowych konferencjach.<\/p>\n<h3>Graficzna wyprawka dla pocz\u0105tkuj\u0105cych. Poznaj kilkadziesi\u0105t przydatnych narz\u0119dzi u\u0142atwiaj\u0105cych projektowanie<\/h3>\n<p>Projektowanie graficzne jest trudne, ale istnieje ca\u0142a masa narz\u0119dzi, kt\u00f3re w tym pomagaj\u0105. Nie masz dost\u0119pu do drogich i skomplikowanych program\u00f3w? Nie masz czasu lub bud\u017cetu \u017ceby zleca\u0107 prace graficzne? Nie martw si\u0119, poka\u017c\u0119 ci narz\u0119dzia, dzi\u0119ki kt\u00f3rym tworzenie r\u00f3\u017cnego rodzaju grafik b\u0119dzie \u0142atwiejsze, ta\u0144sze i szybsze.<\/p>\n\t\t\t\t<\/div>\n\t\t\t<\/div>\n\n\t\t\n\t\t\t<!-- Organizers note: The id attribute is deprecated and only remains for backwards compatibility, please use the corresponding class to target individual speakers -->\n\t\t\t<div id=\"wcorg-speaker-jakub-milczarek\" class=\"wcorg-speaker wcorg-speaker-jakub-milczarek wcorg-track-developer\">\n\t\t\t\t<h2>\n\t\t\t\t\t\n\t\t\t\t\t\tJakub Milczarek\n\t\t\t\t\t\t\t\t\t<\/h2>\n\n\t\t\t\t<div class=\"wcorg-speaker-description\">\n\t\t\t\t\t<img alt='' src='https:\/\/secure.gravatar.com\/avatar\/?s=100&#038;d=mm&#038;r=g' srcset='https:\/\/secure.gravatar.com\/avatar\/?s=200&#038;d=mm&#038;r=g 2x' class='avatar avatar-100 photo avatar-default' height='100' width='100' \/>\t\t\t\t\t<p><img loading=\"lazy\" decoding=\"async\" data-attachment-id=\"957\" data-permalink=\"https:\/\/gdynia.wordcamp.org\/2016\/speaker\/jakub-milczarek\/jakub_milczarek\/\" data-orig-file=\"https:\/\/gdynia.wordcamp.org\/2016\/files\/2016\/06\/Jakub_Milczarek.jpg\" data-orig-size=\"1280,960\" data-comments-opened=\"1\" data-image-meta=\"{&quot;aperture&quot;:&quot;0&quot;,&quot;credit&quot;:&quot;Picasa&quot;,&quot;camera&quot;:&quot;&quot;,&quot;caption&quot;:&quot;&quot;,&quot;created_timestamp&quot;:&quot;0&quot;,&quot;copyright&quot;:&quot;&quot;,&quot;focal_length&quot;:&quot;0&quot;,&quot;iso&quot;:&quot;0&quot;,&quot;shutter_speed&quot;:&quot;0&quot;,&quot;title&quot;:&quot;&quot;,&quot;orientation&quot;:&quot;0&quot;}\" data-image-title=\"Jakub Milczarek\" data-image-description=\"\" data-image-caption=\"\" data-large-file=\"https:\/\/gdynia.wordcamp.org\/2016\/files\/2016\/06\/Jakub_Milczarek-1024x768.jpg\" class=\"size-medium wp-image-957 alignleft\" src=\"https:\/\/2016.gdynia.wordcamp.org\/files\/2016\/06\/Jakub_Milczarek-300x225.jpg\" alt=\"Jakub Milczarek\" width=\"300\" height=\"225\" srcset=\"https:\/\/gdynia.wordcamp.org\/2016\/files\/2016\/06\/Jakub_Milczarek-300x225.jpg 300w, https:\/\/gdynia.wordcamp.org\/2016\/files\/2016\/06\/Jakub_Milczarek-1024x768.jpg 1024w, https:\/\/gdynia.wordcamp.org\/2016\/files\/2016\/06\/Jakub_Milczarek-400x300.jpg 400w, https:\/\/gdynia.wordcamp.org\/2016\/files\/2016\/06\/Jakub_Milczarek.jpg 1280w\" sizes=\"auto, (max-width: 300px) 100vw, 300px\" \/>Mi\u0142o\u015bnik wszystkiego co zwi\u0105zane ze sprawami u\u017cyteczno\u015bci, a tak\u017ce specjalista z dziedziny fizykochemii kryminalistycznej. Stronami internetowymi zajmuje si\u0119 od 1997 roku, a z samym WordPressem zaprzyja\u017ani\u0142 si\u0119 ju\u017c w 2007 roku. Mia\u0142 zaszczyt by\u0107 szefem organizacji pierwszej edycji WordCamp Polska w 2010 roku, a w latach 2010-2012 prowadzi\u0142 z sukcesami firm\u0119 WP-Expert, jest cz\u0142onkiem User Experience Professionals Association. Obecnie pracuje jako UX Specialist w OnTheGoSystems i na Politechnice \u0141\u00f3dzkiej. W wolnych chwilach zdobywa Koron\u0119 Europy, poszukuje skrzynek OpenCaching i bloguje jako <a href=\"http:\/\/blog.milczarek.eu\/\" target=\"_blank\">Lodzermensch<\/a>.<\/p>\n<h4>Prototypowanie wtyczek \u2013 fanaberia czy codzienno\u015b\u0107?<\/h4>\n<p>W trakcie prezentacji zastanowimy si\u0119, czy warto prototypowa\u0107 podczas tworzenia wtyczek do WordPressa i dlaczego tak. Poznamy ulubione metody i narz\u0119dzia, a tak\u017ce kilka przyk\u0142ad\u00f3w z ostatnich projekt\u00f3w.<\/p>\n\t\t\t\t<\/div>\n\t\t\t<\/div>\n\n\t\t\n\t\t\t<!-- Organizers note: The id attribute is deprecated and only remains for backwards compatibility, please use the corresponding class to target individual speakers -->\n\t\t\t<div id=\"wcorg-speaker-katarzyna-iwanoska\" class=\"wcorg-speaker wcorg-speaker-katarzyna-iwanoska wcorg-track-user\">\n\t\t\t\t<h2>\n\t\t\t\t\t\n\t\t\t\t\t\tKatarzyna Iwanoska\n\t\t\t\t\t\t\t\t\t<\/h2>\n\n\t\t\t\t<div class=\"wcorg-speaker-description\">\n\t\t\t\t\t<img alt='' src='https:\/\/secure.gravatar.com\/avatar\/0e9979a71aeff401814de865de2c8a4797841ff5709b74a7f8433883941c6bdc?s=100&#038;d=mm&#038;r=g' srcset='https:\/\/secure.gravatar.com\/avatar\/0e9979a71aeff401814de865de2c8a4797841ff5709b74a7f8433883941c6bdc?s=200&#038;d=mm&#038;r=g 2x' class='avatar avatar-100 photo' height='100' width='100' \/>\t\t\t\t\t<p><img loading=\"lazy\" decoding=\"async\" data-attachment-id=\"1127\" data-permalink=\"https:\/\/gdynia.wordcamp.org\/2016\/speaker\/katarzyna-iwanoska\/kasia-iwanoska\/\" data-orig-file=\"https:\/\/gdynia.wordcamp.org\/2016\/files\/2016\/06\/Kasia-Iwanoska.jpg\" data-orig-size=\"3840,5760\" data-comments-opened=\"1\" data-image-meta=\"{&quot;aperture&quot;:&quot;0&quot;,&quot;credit&quot;:&quot;&quot;,&quot;camera&quot;:&quot;&quot;,&quot;caption&quot;:&quot;&quot;,&quot;created_timestamp&quot;:&quot;1459859572&quot;,&quot;copyright&quot;:&quot;&quot;,&quot;focal_length&quot;:&quot;0&quot;,&quot;iso&quot;:&quot;0&quot;,&quot;shutter_speed&quot;:&quot;0&quot;,&quot;title&quot;:&quot;&quot;,&quot;orientation&quot;:&quot;0&quot;}\" data-image-title=\"Kasia Iwanoska\" data-image-description=\"\" data-image-caption=\"\" data-large-file=\"https:\/\/gdynia.wordcamp.org\/2016\/files\/2016\/06\/Kasia-Iwanoska-683x1024.jpg\" class=\"alignleft wp-image-1127 size-medium\" src=\"https:\/\/2016.gdynia.wordcamp.org\/files\/2016\/06\/Kasia-Iwanoska-200x300.jpg\" alt=\"Kasia Iwanoska\" width=\"200\" height=\"300\" srcset=\"https:\/\/gdynia.wordcamp.org\/2016\/files\/2016\/06\/Kasia-Iwanoska-200x300.jpg 200w, https:\/\/gdynia.wordcamp.org\/2016\/files\/2016\/06\/Kasia-Iwanoska-683x1024.jpg 683w\" sizes=\"auto, (max-width: 200px) 100vw, 200px\" \/>Od 17 lat pracuje w instytucjach finansowych. Ma za sob\u0105 do\u015bwiadczenie ubezpieczeniowe, bankowe czy inwestycyjne zar\u00f3wno je\u015bli chodzi o klient\u00f3w indywidualnych jak i instytucjonalnych. Finanse zna od kuchni. Od maja tego roku jest blogerk\u0105 w www.finanseodkuchni.pl. Wierzy, \u017ce sk\u0142adniki sukcesu w finansach to: wiedza jak\u0105 zdobywamy, zdroworozs\u0105dkowe decyzje i przede wszystkim gospodarne dzia\u0142ania. Na swoim blogu pokazuje, jak mo\u017cna zwi\u0119ksza\u0107 zarobki, zdrowo wydawa\u0107, aktywnie oszcz\u0119dza\u0107 i cieszy\u0107 si\u0119 \u017cyciem. Z budow\u0105 bloga jest jak z finansami. Potrzeba pomys\u0142u, ale te\u017c planu i dzia\u0142ania. W\u0142a\u015bnie o tym jak zbudowa\u0107 taki &#8222;blogowy bizness plan&#8221; i pozyska\u0107 pierwszych czytelnik\u00f3w opowie podczas swojej prelekcji.<\/p>\n<h3>Projekt Blog &#8211; od pomys\u0142u do realizacji. Jak zdoby\u0107 ponad 1000 czytelnik\u00f3w w pierwsze 2 tygodnie<\/h3>\n<p>Katarzyna w swojej prelekcji poka\u017ce jak krok po kroku powinien wygl\u0105da\u0107 &#8222;business plan&#8221; bloga: badanie rynku, za\u0142o\u017cenia bloga, budowanie tre\u015bci, grafik itp, om\u00f3wi tak\u017ce umow\u0119 na budowanie strony &#8211; co powinna zawiera\u0107 a czego unika\u0107, jak wybra\u0107 template &#8211; co powinien mie\u0107 na starcie, \u017ceby potem unikn\u0105\u0107 problem\u00f3w przy jego tworzeniu, jak zbudowa\u0107 plan marketingowy i efektywnie ruszy\u0107. Dowiemy si\u0119 jak przej\u015b\u0107 do realizacji i jak zdoby\u0107 pierwszych czytelnik\u00f3w, jak zdoby\u0107 czytelnik\u00f3w polecaj\u0105cych blog dalej.<\/p>\n<p>&nbsp;<\/p>\n\t\t\t\t<\/div>\n\t\t\t<\/div>\n\n\t\t\n\t\t\t<!-- Organizers note: The id attribute is deprecated and only remains for backwards compatibility, please use the corresponding class to target individual speakers -->\n\t\t\t<div id=\"wcorg-speaker-katarzyna-janoska\" class=\"wcorg-speaker wcorg-speaker-katarzyna-janoska wcorg-track-open\">\n\t\t\t\t<h2>\n\t\t\t\t\t\n\t\t\t\t\t\tKatarzyna Janoska\n\t\t\t\t\t\t\t\t\t<\/h2>\n\n\t\t\t\t<div class=\"wcorg-speaker-description\">\n\t\t\t\t\t<img alt='' src='https:\/\/secure.gravatar.com\/avatar\/90a25c90b25a14c23fc82b68b612bda9ec2c30dc891754ea3b4b4d048414d568?s=100&#038;d=mm&#038;r=g' srcset='https:\/\/secure.gravatar.com\/avatar\/90a25c90b25a14c23fc82b68b612bda9ec2c30dc891754ea3b4b4d048414d568?s=200&#038;d=mm&#038;r=g 2x' class='avatar avatar-100 photo' height='100' width='100' \/>\t\t\t\t\t<p><img loading=\"lazy\" decoding=\"async\" data-attachment-id=\"964\" data-permalink=\"https:\/\/gdynia.wordcamp.org\/2016\/speaker\/katarzyna-janoska\/2015-09-28-18-42-03-1\/\" data-orig-file=\"https:\/\/gdynia.wordcamp.org\/2016\/files\/2016\/06\/2015-09-28-18.42.03-1.jpg\" data-orig-size=\"3264,2448\" data-comments-opened=\"1\" data-image-meta=\"{&quot;aperture&quot;:&quot;0&quot;,&quot;credit&quot;:&quot;&quot;,&quot;camera&quot;:&quot;&quot;,&quot;caption&quot;:&quot;&quot;,&quot;created_timestamp&quot;:&quot;1443465723&quot;,&quot;copyright&quot;:&quot;&quot;,&quot;focal_length&quot;:&quot;0&quot;,&quot;iso&quot;:&quot;0&quot;,&quot;shutter_speed&quot;:&quot;0&quot;,&quot;title&quot;:&quot;&quot;,&quot;orientation&quot;:&quot;0&quot;}\" data-image-title=\"Katarzyna Janoska\" data-image-description=\"\" data-image-caption=\"\" data-large-file=\"https:\/\/gdynia.wordcamp.org\/2016\/files\/2016\/06\/2015-09-28-18.42.03-1-1024x768.jpg\" class=\"size-medium wp-image-964 alignleft\" src=\"https:\/\/2016.gdynia.wordcamp.org\/files\/2016\/06\/2015-09-28-18.42.03-1-300x225.jpg\" alt=\"Katarzyna Janoska\" width=\"300\" height=\"225\" srcset=\"https:\/\/gdynia.wordcamp.org\/2016\/files\/2016\/06\/2015-09-28-18.42.03-1-300x225.jpg 300w, https:\/\/gdynia.wordcamp.org\/2016\/files\/2016\/06\/2015-09-28-18.42.03-1-1024x768.jpg 1024w, https:\/\/gdynia.wordcamp.org\/2016\/files\/2016\/06\/2015-09-28-18.42.03-1-400x300.jpg 400w\" sizes=\"auto, (max-width: 300px) 100vw, 300px\" \/>Front-end developer. Z WordPressem w sta\u0142ym zwi\u0105zku od 5 lat. Na karku ma przygod\u0119 z prac\u0105 w biurze i kilkuletnie do\u015bwiadczenie kawiarniano-freelancerskie. Od 2 lat pracuje zdalnie dla OnTheGoSystems. Zawsze ma co\u015b do powiedzenia. Nawet niepytana. Wolne chwile wype\u0142nia podr\u00f3\u017cami, gotowaniem i poszukiwaniem skrzynek Geocachingowych. (Troch\u0119) Prowadzi bloga: <a href=\"http:\/\/blog.anoriell.eu\" target=\"_blank\">Milion my\u015bli anoriell<\/a>.<\/p>\n<h4>Znowu grasz na tym komputerze?! \u2013 czyli jak pracowa\u0107 z domu i nie zwariowa\u0107<\/h4>\n<p>Praca z domu to nie bu\u0142ka z mas\u0142em! Moje kilkuletnie do\u015bwiadczenie pokazuje, \u017ce jest dok\u0142adnie tak, jak na obrazkach z kwejka: jak widzi to twoja mama? Jak widz\u0105 to znajomi? Jak jest naprawd\u0119? Opowiem o plusach dodatnich i plusach ujemnych pracy z domu. Podziel\u0119 si\u0119 moimi sposobami na produktywno\u015b\u0107 i najwa\u017cniejszymi zasadami, kt\u00f3rych si\u0119 trzymam.<\/p>\n\t\t\t\t<\/div>\n\t\t\t<\/div>\n\n\t\t\n\t\t\t<!-- Organizers note: The id attribute is deprecated and only remains for backwards compatibility, please use the corresponding class to target individual speakers -->\n\t\t\t<div id=\"wcorg-speaker-krzysztof-drozdz\" class=\"wcorg-speaker wcorg-speaker-krzysztof-drozdz wcorg-track-developer\">\n\t\t\t\t<h2>\n\t\t\t\t\t\n\t\t\t\t\t\tKrzysztof Dr\u00f3\u017cd\u017c\n\t\t\t\t\t\t\t\t\t<\/h2>\n\n\t\t\t\t<div class=\"wcorg-speaker-description\">\n\t\t\t\t\t<img alt='' src='https:\/\/secure.gravatar.com\/avatar\/50ad0486a104780d21a068b5b2c2e27faddd48ff4b39ee1d9e4fd8ca87f8cef0?s=100&#038;d=mm&#038;r=g' srcset='https:\/\/secure.gravatar.com\/avatar\/50ad0486a104780d21a068b5b2c2e27faddd48ff4b39ee1d9e4fd8ca87f8cef0?s=200&#038;d=mm&#038;r=g 2x' class='avatar avatar-100 photo' height='100' width='100' \/>\t\t\t\t\t<p><img loading=\"lazy\" decoding=\"async\" data-attachment-id=\"1068\" data-permalink=\"https:\/\/gdynia.wordcamp.org\/2016\/speaker\/krzysztof-drozdz\/krzysztofdrozdz\/\" data-orig-file=\"https:\/\/gdynia.wordcamp.org\/2016\/files\/2016\/06\/krzysztofdr\u00f3\u017cd\u017c.png\" data-orig-size=\"900,1350\" data-comments-opened=\"1\" data-image-meta=\"{&quot;aperture&quot;:&quot;0&quot;,&quot;credit&quot;:&quot;&quot;,&quot;camera&quot;:&quot;&quot;,&quot;caption&quot;:&quot;&quot;,&quot;created_timestamp&quot;:&quot;0&quot;,&quot;copyright&quot;:&quot;&quot;,&quot;focal_length&quot;:&quot;0&quot;,&quot;iso&quot;:&quot;0&quot;,&quot;shutter_speed&quot;:&quot;0&quot;,&quot;title&quot;:&quot;&quot;,&quot;orientation&quot;:&quot;0&quot;}\" data-image-title=\"krzysztofdr\u00f3\u017cd\u017c\" data-image-description=\"\" data-image-caption=\"\" data-large-file=\"https:\/\/gdynia.wordcamp.org\/2016\/files\/2016\/06\/krzysztofdr\u00f3\u017cd\u017c-683x1024.png\" class=\"size-medium wp-image-1068 alignleft\" src=\"https:\/\/2016.gdynia.wordcamp.org\/files\/2016\/06\/krzysztofdr\u00f3\u017cd\u017c-200x300.png\" alt=\"krzysztofdr\u00f3\u017cd\u017c\" width=\"200\" height=\"300\" srcset=\"https:\/\/gdynia.wordcamp.org\/2016\/files\/2016\/06\/krzysztofdr\u00f3\u017cd\u017c-200x300.png 200w, https:\/\/gdynia.wordcamp.org\/2016\/files\/2016\/06\/krzysztofdr\u00f3\u017cd\u017c-683x1024.png 683w, https:\/\/gdynia.wordcamp.org\/2016\/files\/2016\/06\/krzysztofdr\u00f3\u017cd\u017c.png 900w\" sizes=\"auto, (max-width: 200px) 100vw, 200px\" \/>Programista pracuj\u0105cy z WordPressem od wersji 1.5. Wsp\u00f3\u0142pracowa\u0142 przy wdro\u017ceniach WordPressa m.in. dla\u00a0Pr\u00f3chnik SA i Browaru Czarnk\u00f3w. Jest aktywnym cz\u0142onkiem spo\u0142eczno\u015bci WordPressa: organizator WordUp Wroc\u0142aw, moderator polskiego forum supportowego WordPressa\u00a0i\u00a0StackExchange, kontrybutor kodu WordPressa i w\u0142a\u015bciciel w WPmagus.pl.<\/p>\n<h4>Kreatywne czary z filtrami i akcjami<\/h4>\n<p>Prezentacja pozwoli nam zrozumie\u0107,\u00a0dlaczego rozs\u0105dne u\u017cywanie filtr\u00f3w i akcji w kodzie jest fajne i jak pozwala potem u\u017cytkownikom rozwin\u0105\u0107 skrzyd\u0142a (na bazie kilku przyk\u0142ad\u00f3w popularnych wtyczek \u2013 m.in. jakie cuda mo\u017cna wydusi\u0107 z Contact Form 7).<\/p>\n<p>&nbsp;<\/p>\n\t\t\t\t<\/div>\n\t\t\t<\/div>\n\n\t\t\n\t\t\t<!-- Organizers note: The id attribute is deprecated and only remains for backwards compatibility, please use the corresponding class to target individual speakers -->\n\t\t\t<div id=\"wcorg-speaker-krzysztof-lecki\" class=\"wcorg-speaker wcorg-speaker-krzysztof-lecki wcorg-track-developer\">\n\t\t\t\t<h2>\n\t\t\t\t\t\n\t\t\t\t\t\tKrzysztof \u0141\u0119cki\n\t\t\t\t\t\t\t\t\t<\/h2>\n\n\t\t\t\t<div class=\"wcorg-speaker-description\">\n\t\t\t\t\t<img alt='' src='https:\/\/secure.gravatar.com\/avatar\/db36dcddeacb0ae78c5df87c847501346a6a4d5d87803b3c280da2e7bf2719cc?s=100&#038;d=mm&#038;r=g' srcset='https:\/\/secure.gravatar.com\/avatar\/db36dcddeacb0ae78c5df87c847501346a6a4d5d87803b3c280da2e7bf2719cc?s=200&#038;d=mm&#038;r=g 2x' class='avatar avatar-100 photo' height='100' width='100' \/>\t\t\t\t\t<p><img loading=\"lazy\" decoding=\"async\" data-attachment-id=\"1575\" data-permalink=\"https:\/\/gdynia.wordcamp.org\/2016\/speaker\/krzysztof-lecki\/krzysztof-lecki-2\/\" data-orig-file=\"https:\/\/gdynia.wordcamp.org\/2016\/files\/2016\/07\/Krzysztof-\u0141\u0119cki.jpg\" data-orig-size=\"1115,1672\" data-comments-opened=\"1\" data-image-meta=\"{&quot;aperture&quot;:&quot;0&quot;,&quot;credit&quot;:&quot;&quot;,&quot;camera&quot;:&quot;&quot;,&quot;caption&quot;:&quot;&quot;,&quot;created_timestamp&quot;:&quot;0&quot;,&quot;copyright&quot;:&quot;&quot;,&quot;focal_length&quot;:&quot;0&quot;,&quot;iso&quot;:&quot;0&quot;,&quot;shutter_speed&quot;:&quot;0&quot;,&quot;title&quot;:&quot;&quot;,&quot;orientation&quot;:&quot;0&quot;}\" data-image-title=\"Krzysztof-\u0141\u0119cki\" data-image-description=\"\" data-image-caption=\"\" data-large-file=\"https:\/\/gdynia.wordcamp.org\/2016\/files\/2016\/07\/Krzysztof-\u0141\u0119cki-683x1024.jpg\" class=\"size-medium wp-image-1575 alignleft\" src=\"https:\/\/2016.gdynia.wordcamp.org\/files\/2016\/07\/Krzysztof-\u0141\u0119cki-200x300.jpg\" alt=\"Krzysztof-\u0141\u0119cki\" width=\"200\" height=\"300\" srcset=\"https:\/\/gdynia.wordcamp.org\/2016\/files\/2016\/07\/Krzysztof-\u0141\u0119cki-200x300.jpg 200w, https:\/\/gdynia.wordcamp.org\/2016\/files\/2016\/07\/Krzysztof-\u0141\u0119cki-683x1024.jpg 683w, https:\/\/gdynia.wordcamp.org\/2016\/files\/2016\/07\/Krzysztof-\u0141\u0119cki.jpg 1115w\" sizes=\"auto, (max-width: 200px) 100vw, 200px\" \/>Tw\u00f3rca z pogranicza \u015bwiata artystycznego i technicznego. Od ponad 10 lat zajmuje si\u0119 kodowaniem Front-End (HTML\/CSS\/JS) oraz od ponad 6 lat kodowaniem w oparciu o platform\u0119 WordPress. Jego specjalno\u015bci\u0105 jest u\u017cyteczno\u015b\u0107 oraz precyzyjne odwzorowanie dizajnu w \u017cywej, kompletnej stronie internetowej. Opr\u00f3cz kodowania wyst\u0119puje jako wokalista z w\u0142asnym big-bandem (GoodEveningOrchestra.pl). W wolnym czasie podr\u00f3\u017cuje z plecakiem i muzykuje w eksperymentalnym zespole jazzowym.<\/p>\n<h3>PSD do WP: od projektu graficznego do dzia\u0142aj\u0105cego serwisu<\/h3>\n<p>W prezentacji podziel\u0119 si\u0119 swoimi przemy\u015bleniami i wypracowanymi standardami m.in. w zakresie kodowania &#8222;pixel-perfect&#8221;, om\u00f3wi\u0119 najcz\u0119\u015bciej u\u017cywane narz\u0119dzia w ramach frameworku Bootstrap oraz poka\u017c\u0119 patenty na przygotowanie u\u017cytecznego zaplecza strony w oparciu o wtyczk\u0119 Advanced Custom Fields.<\/p>\n\t\t\t\t<\/div>\n\t\t\t<\/div>\n\n\t\t\n\t\t\t<!-- Organizers note: The id attribute is deprecated and only remains for backwards compatibility, please use the corresponding class to target individual speakers -->\n\t\t\t<div id=\"wcorg-speaker-lukasz-korowicki\" class=\"wcorg-speaker wcorg-speaker-lukasz-korowicki wcorg-track-developer-2\">\n\t\t\t\t<h2>\n\t\t\t\t\t\n\t\t\t\t\t\t\u0141ukasz Korowicki\n\t\t\t\t\t\t\t\t\t<\/h2>\n\n\t\t\t\t<div class=\"wcorg-speaker-description\">\n\t\t\t\t\t<img alt='' src='https:\/\/secure.gravatar.com\/avatar\/399517cb54ba57df2d4ae6e8139cc80f0f168ce6385d063d1672fa0bc2748a4b?s=100&#038;d=mm&#038;r=g' srcset='https:\/\/secure.gravatar.com\/avatar\/399517cb54ba57df2d4ae6e8139cc80f0f168ce6385d063d1672fa0bc2748a4b?s=200&#038;d=mm&#038;r=g 2x' class='avatar avatar-100 photo' height='100' width='100' \/>\t\t\t\t\t<p><img loading=\"lazy\" decoding=\"async\" data-attachment-id=\"1293\" data-permalink=\"https:\/\/gdynia.wordcamp.org\/2016\/speaker\/lukasz-korowicki\/dsc_0577\/\" data-orig-file=\"https:\/\/gdynia.wordcamp.org\/2016\/files\/2016\/07\/DSC_0577.jpg\" data-orig-size=\"4000,6016\" data-comments-opened=\"1\" data-image-meta=\"{&quot;aperture&quot;:&quot;0&quot;,&quot;credit&quot;:&quot;&quot;,&quot;camera&quot;:&quot;&quot;,&quot;caption&quot;:&quot;&quot;,&quot;created_timestamp&quot;:&quot;0&quot;,&quot;copyright&quot;:&quot;&quot;,&quot;focal_length&quot;:&quot;0&quot;,&quot;iso&quot;:&quot;0&quot;,&quot;shutter_speed&quot;:&quot;0&quot;,&quot;title&quot;:&quot;&quot;,&quot;orientation&quot;:&quot;0&quot;}\" data-image-title=\"\u0141ukasz Korowicki\" data-image-description=\"\" data-image-caption=\"\" data-large-file=\"https:\/\/gdynia.wordcamp.org\/2016\/files\/2016\/07\/DSC_0577-681x1024.jpg\" class=\"size-medium wp-image-1293 alignleft\" src=\"https:\/\/2016.gdynia.wordcamp.org\/files\/2016\/07\/DSC_0577-199x300.jpg\" alt=\"\u0141ukasz Korowicki\" width=\"199\" height=\"300\" srcset=\"https:\/\/gdynia.wordcamp.org\/2016\/files\/2016\/07\/DSC_0577-199x300.jpg 199w, https:\/\/gdynia.wordcamp.org\/2016\/files\/2016\/07\/DSC_0577-681x1024.jpg 681w\" sizes=\"auto, (max-width: 199px) 100vw, 199px\" \/>Junior Software Engineer w firmie Samsung, gdzie rozwija oprogramowanie MagicInfo Express2 przy u\u017cyciu NW.js i technologii webowych takich jak JavaScript, AngularJS, HTML5 i CSS3. Poprzednio pracowa\u0142 w agencji interaktywnej Kerris Group jako Web Developer, gdzie w praktyce wykorzystywa\u0142 te\u017c wiedz\u0119 z zakresu m. in. MySQL, PHP, FuelPHP, CakePHP, VoltPHP, Twig, WordPress i Drupal 7.<\/p>\n<h3>Unleash your creativity with CSS\u201c4\u201d right now<\/h3>\n<p>HTML5 i CSS3 by\u0142y prawdziw\u0105 rewolucj\u0105 i zbawieniem dla Front End Developer\u00f3w. Rozw\u00f3j tych j\u0119zyk\u00f3w i ich wsparcie w najwa\u017cniejszych przegl\u0105darkach internetowych sta\u0142o si\u0119 g\u0142\u00f3wnym tematem rozm\u00f3w mi\u0119dzy programistami zajmuj\u0105cymi si\u0119 technologiami internetowymi. Co przynosi nam CSS4 i czy w og\u00f3le istnieje? &#8211; om\u00f3wienie modu\u0142\u00f3w CSS i ich poziom\u00f3w. Jak korzysta\u0107 z nowych mo\u017cliwo\u015bci CSS\u2019a ju\u017c dzisiaj? &#8211; o CSSnext s\u0142\u00f3w kilka.<\/p>\n\t\t\t\t<\/div>\n\t\t\t<\/div>\n\n\t\t\n\t\t\t<!-- Organizers note: The id attribute is deprecated and only remains for backwards compatibility, please use the corresponding class to target individual speakers -->\n\t\t\t<div id=\"wcorg-speaker-lukasz-wilczak\" class=\"wcorg-speaker wcorg-speaker-lukasz-wilczak wcorg-track-developer\">\n\t\t\t\t<h2>\n\t\t\t\t\t\n\t\t\t\t\t\t\u0141ukasz Wilczak\n\t\t\t\t\t\t\t\t\t<\/h2>\n\n\t\t\t\t<div class=\"wcorg-speaker-description\">\n\t\t\t\t\t<img alt='' src='https:\/\/secure.gravatar.com\/avatar\/3dcadb3d7d7c36214bda917dfcc6983a0f2554237287144538ac95c4af2909d9?s=100&#038;d=mm&#038;r=g' srcset='https:\/\/secure.gravatar.com\/avatar\/3dcadb3d7d7c36214bda917dfcc6983a0f2554237287144538ac95c4af2909d9?s=200&#038;d=mm&#038;r=g 2x' class='avatar avatar-100 photo' height='100' width='100' \/>\t\t\t\t\t<div><img loading=\"lazy\" decoding=\"async\" data-attachment-id=\"1565\" data-permalink=\"https:\/\/gdynia.wordcamp.org\/2016\/speaker\/lukasz-wilczak\/lukasz_wilczak\/\" data-orig-file=\"https:\/\/gdynia.wordcamp.org\/2016\/files\/2016\/07\/lukasz_wilczak.jpg\" data-orig-size=\"653,585\" data-comments-opened=\"1\" data-image-meta=\"{&quot;aperture&quot;:&quot;0&quot;,&quot;credit&quot;:&quot;&quot;,&quot;camera&quot;:&quot;&quot;,&quot;caption&quot;:&quot;&quot;,&quot;created_timestamp&quot;:&quot;0&quot;,&quot;copyright&quot;:&quot;&quot;,&quot;focal_length&quot;:&quot;0&quot;,&quot;iso&quot;:&quot;0&quot;,&quot;shutter_speed&quot;:&quot;0&quot;,&quot;title&quot;:&quot;&quot;,&quot;orientation&quot;:&quot;0&quot;}\" data-image-title=\"lukasz_wilczak\" data-image-description=\"\" data-image-caption=\"\" data-large-file=\"https:\/\/gdynia.wordcamp.org\/2016\/files\/2016\/07\/lukasz_wilczak.jpg\" class=\"size-medium wp-image-1565 alignleft\" src=\"https:\/\/2016.gdynia.wordcamp.org\/files\/2016\/07\/lukasz_wilczak-300x269.jpg\" alt=\"lukasz_wilczak\" width=\"300\" height=\"269\" srcset=\"https:\/\/gdynia.wordcamp.org\/2016\/files\/2016\/07\/lukasz_wilczak-300x269.jpg 300w, https:\/\/gdynia.wordcamp.org\/2016\/files\/2016\/07\/lukasz_wilczak-335x300.jpg 335w, https:\/\/gdynia.wordcamp.org\/2016\/files\/2016\/07\/lukasz_wilczak.jpg 653w\" sizes=\"auto, (max-width: 300px) 100vw, 300px\" \/>Obecnie Development Lead w firmie Grand Parade, w dziale serwis\u00f3w opartych o WordPress. W\u0142a\u015bciciel niewielkiej firmy Wilnet, prowadz\u0105cej szkolenia z tworzenia stron na WordPressie i innych CMS-ach oraz tworz\u0105cej serwisy z ich wykorzystaniem. Programista PHP i Ruby on Rails z kilkunastoletnim do\u015bwiadczeniem w budowaniu aplikacji webowych dla klient\u00f3w z ca\u0142ego \u015bwiata. Spo\u015br\u00f3d wielu CMS-\u00f3w WordPress sta\u0142 si\u0119 jego ulubion\u0105 platform\u0105.<\/div>\n<h3>Wielomilionowy ruch na WordPressie<\/h3>\n<div><\/div>\n<div>W powszechnej opinii WordPress nie jest u\u017cywany do tworzenia serwis\u00f3w o du\u017cym nat\u0119\u017ceniu ruchu. Jednak przy odpowiednim zapleczu i konfiguracji mo\u017cemy korzysta\u0107 z jego mo\u017cliwo\u015bci i nie martwi\u0107 si\u0119 o wydajno\u015b\u0107. Podczas prezentacji dowiesz si\u0119, jak w Grand Parade tworzymy serwisy i przygotowujemy pod nie infrastruktur\u0119 dla blog\u00f3w o du\u017cym nat\u0119\u017ceniu ruchu i tematyce bettingowej takich jak:\u00a0<a href=\"http:\/\/news.bwin.com\/\" target=\"_blank\">news.bwin.com<\/a>,\u00a0<a href=\"http:\/\/articles.matchbook.com\/\" target=\"_blank\">articles.matchbook.com<\/a>,\u00a0<a href=\"http:\/\/news.ladbrokes.com\/\" target=\"_blank\">news.ladbrokes.com<\/a>\u00a0czy\u00a0<a href=\"http:\/\/sunbets.cu.uk\/\" target=\"_blank\">sunbets.cu.uk<\/a>.<br \/>\nOm\u00f3wimy mechanizmy cache-uj\u0105ce takie jak Varnish, Elastic Cache, Redis, infrastruktur\u0119 CloudFront i S3 Amazona, sposoby skalowania \u015brodowisk z u\u017cyciem Load Balancera.<\/div>\n<div><\/div>\n\t\t\t\t<\/div>\n\t\t\t<\/div>\n\n\t\t\n\t\t\t<!-- Organizers note: The id attribute is deprecated and only remains for backwards compatibility, please use the corresponding class to target individual speakers -->\n\t\t\t<div id=\"wcorg-speaker-maciej-kuchnik\" class=\"wcorg-speaker wcorg-speaker-maciej-kuchnik wcorg-track-open\">\n\t\t\t\t<h2>\n\t\t\t\t\t\n\t\t\t\t\t\tMaciej Kuchnik\n\t\t\t\t\t\t\t\t\t<\/h2>\n\n\t\t\t\t<div class=\"wcorg-speaker-description\">\n\t\t\t\t\t<img alt='' src='https:\/\/secure.gravatar.com\/avatar\/ed87749cddcc8095bb394be81654d406f4df1b60fe2dfffb1dfa9df4dd746223?s=100&#038;d=mm&#038;r=g' srcset='https:\/\/secure.gravatar.com\/avatar\/ed87749cddcc8095bb394be81654d406f4df1b60fe2dfffb1dfa9df4dd746223?s=200&#038;d=mm&#038;r=g 2x' class='avatar avatar-100 photo' height='100' width='100' \/>\t\t\t\t\t<p><img loading=\"lazy\" decoding=\"async\" data-attachment-id=\"1500\" data-permalink=\"https:\/\/gdynia.wordcamp.org\/2016\/speaker\/maciej-kuchnik\/maciej-kuchnik-2\/\" data-orig-file=\"https:\/\/gdynia.wordcamp.org\/2016\/files\/2016\/07\/maciej-kuchnik.jpg\" data-orig-size=\"1000,1016\" data-comments-opened=\"1\" data-image-meta=\"{&quot;aperture&quot;:&quot;0&quot;,&quot;credit&quot;:&quot;&quot;,&quot;camera&quot;:&quot;&quot;,&quot;caption&quot;:&quot;&quot;,&quot;created_timestamp&quot;:&quot;0&quot;,&quot;copyright&quot;:&quot;&quot;,&quot;focal_length&quot;:&quot;0&quot;,&quot;iso&quot;:&quot;0&quot;,&quot;shutter_speed&quot;:&quot;0&quot;,&quot;title&quot;:&quot;&quot;,&quot;orientation&quot;:&quot;0&quot;}\" data-image-title=\"maciej kuchnik\" data-image-description=\"\" data-image-caption=\"\" data-large-file=\"https:\/\/gdynia.wordcamp.org\/2016\/files\/2016\/07\/maciej-kuchnik.jpg\" class=\"size-medium wp-image-1500 alignleft\" src=\"https:\/\/2016.gdynia.wordcamp.org\/files\/2016\/07\/maciej-kuchnik-295x300.jpg\" alt=\"maciej kuchnik\" width=\"295\" height=\"300\" srcset=\"https:\/\/gdynia.wordcamp.org\/2016\/files\/2016\/07\/maciej-kuchnik-295x300.jpg 295w, https:\/\/gdynia.wordcamp.org\/2016\/files\/2016\/07\/maciej-kuchnik.jpg 1000w\" sizes=\"auto, (max-width: 295px) 100vw, 295px\" \/>Od kilku lat zwi\u0105zany z WordPressem, zaczyna\u0142 od prostych wtyczek na potrzeby portalu mojabochnia.pl, dzi\u015b prowadzi firm\u0119 zajmuj\u0105c\u0105 si\u0119 kompleksowymi wdro\u017ceniami WordPressa \u2013 indelso.pl. Na bazie WordPressa tworzy r\u00f3\u017cne projekty, od prostych firmowych stron, przez portale, ko\u0144cz\u0105c na aplikacjach webowych. Aktywny cz\u0142onek polskiej spo\u0142eczno\u015bci WordPressa.<\/p>\n<h3>Firma na kilku WordPressach &#8211; Case Study<\/h3>\n<p>Case Study systemu opartego na kilku WordPressach, kt\u00f3ry codziennie automatyzuje prac\u0119 firmy w zakresie obs\u0142ugi klienta, sprzeda\u017cy i publikacji reklam na portalach. W sk\u0142ad systemu wchodzi kilka wordpress\u00f3w wsp\u00f3\u0142pracuj\u0105cych ze sob\u0105 oraz z zewn\u0119trznymi us\u0142ugami. <a href=\"http:\/\/indelso3.stronazen.pl\/wc2016.png\" target=\"_blank\">Struktura wy\u017cej wspomnianych WordPress\u00f3w<\/a>.<\/p>\n\t\t\t\t<\/div>\n\t\t\t<\/div>\n\n\t\t\n\t\t\t<!-- Organizers note: The id attribute is deprecated and only remains for backwards compatibility, please use the corresponding class to target individual speakers -->\n\t\t\t<div id=\"wcorg-speaker-maciej-pilarski\" class=\"wcorg-speaker wcorg-speaker-maciej-pilarski wcorg-track-user\">\n\t\t\t\t<h2>\n\t\t\t\t\t\n\t\t\t\t\t\tMaciej Pilarski\n\t\t\t\t\t\t\t\t\t<\/h2>\n\n\t\t\t\t<div class=\"wcorg-speaker-description\">\n\t\t\t\t\t<img alt='' src='https:\/\/secure.gravatar.com\/avatar\/2a5c9dbcb300fde190eb83b44c41352dfe09f1128665295d6bd667491848ebb9?s=100&#038;d=mm&#038;r=g' srcset='https:\/\/secure.gravatar.com\/avatar\/2a5c9dbcb300fde190eb83b44c41352dfe09f1128665295d6bd667491848ebb9?s=200&#038;d=mm&#038;r=g 2x' class='avatar avatar-100 photo' height='100' width='100' \/>\t\t\t\t\t<p><img loading=\"lazy\" decoding=\"async\" data-attachment-id=\"1563\" data-permalink=\"https:\/\/gdynia.wordcamp.org\/2016\/speaker\/maciej-pilarski\/maciej_pilarski\/\" data-orig-file=\"https:\/\/gdynia.wordcamp.org\/2016\/files\/2016\/07\/maciej_pilarski.jpg\" data-orig-size=\"600,900\" data-comments-opened=\"1\" data-image-meta=\"{&quot;aperture&quot;:&quot;0&quot;,&quot;credit&quot;:&quot;&quot;,&quot;camera&quot;:&quot;&quot;,&quot;caption&quot;:&quot;&quot;,&quot;created_timestamp&quot;:&quot;0&quot;,&quot;copyright&quot;:&quot;&quot;,&quot;focal_length&quot;:&quot;0&quot;,&quot;iso&quot;:&quot;0&quot;,&quot;shutter_speed&quot;:&quot;0&quot;,&quot;title&quot;:&quot;&quot;,&quot;orientation&quot;:&quot;0&quot;}\" data-image-title=\"maciej_pilarski\" data-image-description=\"\" data-image-caption=\"\" data-large-file=\"https:\/\/gdynia.wordcamp.org\/2016\/files\/2016\/07\/maciej_pilarski.jpg\" class=\"size-medium wp-image-1563 alignleft\" src=\"https:\/\/2016.gdynia.wordcamp.org\/files\/2016\/07\/maciej_pilarski-200x300.jpg\" alt=\"maciej pilarski\" width=\"200\" height=\"300\" srcset=\"https:\/\/gdynia.wordcamp.org\/2016\/files\/2016\/07\/maciej_pilarski-200x300.jpg 200w, https:\/\/gdynia.wordcamp.org\/2016\/files\/2016\/07\/maciej_pilarski.jpg 600w\" sizes=\"auto, (max-width: 200px) 100vw, 200px\" \/>Pochodzi z Wroc\u0142awia, jest jednym ze wsp\u00f3\u0142organizator\u00f3w<br \/>\nWroc\u0142awskich WordUp\u00f3w oraz globalnych workshop\u00f3w z WordPressa w chmurze AWS. Z WordPressem zwi\u0105zany od 2007 roku. Pracowa\u0142 dla OnTheGoSystems jako Supporter odpowiedzialny za WPMLa, gdzie na co dzie\u0144 boryka\u0142 si\u0119 problemami u\u017cytkownik\u00f3w stron wieloj\u0119zycznych z ca\u0142ego \u015bwiata. W\u0142a\u015bnie wr\u00f3ci\u0142 z kraju kwitn\u0105cej wi\u015bni gdzie pracowa\u0142 jako Technical Evangelist dla DigitalCube Inc promuj\u0105c hosting WordPressa w chmurze AWS.<\/p>\n<h3>Jak stworzy\u0107 wieloj\u0119zyczn\u0105 stron\u0119 na WordPressie?<\/h3>\n<p>WordPress wieloj\u0119zyczny, czyli korzy\u015bci p\u0142yn\u0105ce z posiadania strony internetowej lub sklepu on-line w wielu wersjach j\u0119zykowych.<br \/>\nPraktyczne porady w jaki spos\u00f3b przet\u0142umaczy\u0107 stron\u0119 bez u\u017cycia wtyczek, najcz\u0119\u015bciej pope\u0142niane b\u0142\u0119dy oraz zestawienie najpopularniejszych wtyczek i narz\u0119dzi do t\u0142umaczenia stron internetowych.<\/p>\n\t\t\t\t<\/div>\n\t\t\t<\/div>\n\n\t\t\n\t\t\t<!-- Organizers note: The id attribute is deprecated and only remains for backwards compatibility, please use the corresponding class to target individual speakers -->\n\t\t\t<div id=\"wcorg-speaker-maciej-swoboda\" class=\"wcorg-speaker wcorg-speaker-maciej-swoboda wcorg-track-open\">\n\t\t\t\t<h2>\n\t\t\t\t\t\n\t\t\t\t\t\tMaciej Swoboda\n\t\t\t\t\t\t\t\t\t<\/h2>\n\n\t\t\t\t<div class=\"wcorg-speaker-description\">\n\t\t\t\t\t<img alt='' src='https:\/\/secure.gravatar.com\/avatar\/b302c52241eb77753cf8ef24e28a425a04c21c979a695c5127f8809bca995c3b?s=100&#038;d=mm&#038;r=g' srcset='https:\/\/secure.gravatar.com\/avatar\/b302c52241eb77753cf8ef24e28a425a04c21c979a695c5127f8809bca995c3b?s=200&#038;d=mm&#038;r=g 2x' class='avatar avatar-100 photo' height='100' width='100' \/>\t\t\t\t\t<p><img loading=\"lazy\" decoding=\"async\" data-attachment-id=\"1199\" data-permalink=\"https:\/\/gdynia.wordcamp.org\/2016\/speaker\/maciej-swoboda\/maciej-swoboda-2\/\" data-orig-file=\"https:\/\/gdynia.wordcamp.org\/2016\/files\/2016\/06\/Maciej-Swoboda.jpg\" data-orig-size=\"1280,959\" data-comments-opened=\"1\" data-image-meta=\"{&quot;aperture&quot;:&quot;0&quot;,&quot;credit&quot;:&quot;&quot;,&quot;camera&quot;:&quot;&quot;,&quot;caption&quot;:&quot;&quot;,&quot;created_timestamp&quot;:&quot;0&quot;,&quot;copyright&quot;:&quot;&quot;,&quot;focal_length&quot;:&quot;0&quot;,&quot;iso&quot;:&quot;0&quot;,&quot;shutter_speed&quot;:&quot;0&quot;,&quot;title&quot;:&quot;&quot;,&quot;orientation&quot;:&quot;0&quot;}\" data-image-title=\"Maciej Swoboda\" data-image-description=\"\" data-image-caption=\"\" data-large-file=\"https:\/\/gdynia.wordcamp.org\/2016\/files\/2016\/06\/Maciej-Swoboda-1024x767.jpg\" class=\"size-medium wp-image-1199 alignleft\" src=\"https:\/\/2016.gdynia.wordcamp.org\/files\/2016\/06\/Maciej-Swoboda-300x225.jpg\" alt=\"Maciej Swoboda\" width=\"300\" height=\"225\" srcset=\"https:\/\/gdynia.wordcamp.org\/2016\/files\/2016\/06\/Maciej-Swoboda-300x225.jpg 300w, https:\/\/gdynia.wordcamp.org\/2016\/files\/2016\/06\/Maciej-Swoboda-1024x767.jpg 1024w, https:\/\/gdynia.wordcamp.org\/2016\/files\/2016\/06\/Maciej-Swoboda-400x300.jpg 400w, https:\/\/gdynia.wordcamp.org\/2016\/files\/2016\/06\/Maciej-Swoboda.jpg 1280w\" sizes=\"auto, (max-width: 300px) 100vw, 300px\" \/>Pasjonat WordPressa od roku 2006, natomiast zwolennikiem prostych i u\u017cytecznych rozwi\u0105za\u0144 \u2013 odk\u0105d pami\u0119ta. WordPress to dla niego przede wszystkim zaanga\u017cowana spo\u0142eczno\u015b\u0107. Obecnie pracuje na rzecz WordPressowego \u015brodowiska tworz\u0105c platform\u0119 WP Desk, za pomoc\u0105 kt\u00f3rej wspiera e-commerce\u2019ow\u0105 cz\u0119\u015b\u0107 spo\u0142eczno\u015bci. Maciej jest tak\u017ce jednym z organizator\u00f3w tegorocznego WordCampa!<\/p>\n<h3>Jak pracowa\u0107 z klientem korporacyjnym? Wtyczka InPost WooCommerce na 4 rynki<\/h3>\n<p>Sara Rosso na WordCampie 2014 w Warszawie nakre\u015bli\u0142a najwi\u0119ksze wyzwania dla agencji zajmuj\u0105cych si\u0119 WordPressem w najbli\u017cszych 10 latach &#8211; praca z klientami korporacyjnymi. Mieli\u015bmy okazj\u0119 pracowa\u0107 z du\u017c\u0105 firm\u0105, kt\u00f3ra bardzo dynamicznie rozwija si\u0119 na rynku globalnym. Stworzyli\u015bmy wtyczk\u0119 do WooCommerce dla InPost na 4 rynki: Polsk\u0119, W\u0142ochy, Francj\u0119 i Kanad\u0119. Opowiem o tym jak pracowali\u015bmy z klientem, jak wygl\u0105da\u0142 proces pozyskania projektu (i ile trwa\u0142), jak wygl\u0105da\u0142a analiza (tak, s\u0105 projekty, w kt\u00f3rych robi si\u0119 analiz\u0119), development, testy, wdro\u017cenie i publikacja wtyczki w repozytorium WP.<\/p>\n\t\t\t\t<\/div>\n\t\t\t<\/div>\n\n\t\t\n\t\t\t<!-- Organizers note: The id attribute is deprecated and only remains for backwards compatibility, please use the corresponding class to target individual speakers -->\n\t\t\t<div id=\"wcorg-speaker-magdalena-paciorek\" class=\"wcorg-speaker wcorg-speaker-magdalena-paciorek wcorg-track-open\">\n\t\t\t\t<h2>\n\t\t\t\t\t\n\t\t\t\t\t\tMagdalena Paciorek\n\t\t\t\t\t\t\t\t\t<\/h2>\n\n\t\t\t\t<div class=\"wcorg-speaker-description\">\n\t\t\t\t\t<img alt='' src='https:\/\/secure.gravatar.com\/avatar\/43dacba6ead4e05bdfa29c0a3b0247ed3f2f031c1572eae667387eb56b6e7089?s=100&#038;d=mm&#038;r=g' srcset='https:\/\/secure.gravatar.com\/avatar\/43dacba6ead4e05bdfa29c0a3b0247ed3f2f031c1572eae667387eb56b6e7089?s=200&#038;d=mm&#038;r=g 2x' class='avatar avatar-100 photo' height='100' width='100' \/>\t\t\t\t\t<p><img loading=\"lazy\" decoding=\"async\" data-attachment-id=\"1316\" data-permalink=\"https:\/\/gdynia.wordcamp.org\/2016\/speaker\/magdalena-paciorek\/mpaciorek\/\" data-orig-file=\"https:\/\/gdynia.wordcamp.org\/2016\/files\/2016\/07\/mpaciorek.jpg\" data-orig-size=\"800,600\" data-comments-opened=\"1\" data-image-meta=\"{&quot;aperture&quot;:&quot;0&quot;,&quot;credit&quot;:&quot;&quot;,&quot;camera&quot;:&quot;&quot;,&quot;caption&quot;:&quot;&quot;,&quot;created_timestamp&quot;:&quot;0&quot;,&quot;copyright&quot;:&quot;&quot;,&quot;focal_length&quot;:&quot;0&quot;,&quot;iso&quot;:&quot;0&quot;,&quot;shutter_speed&quot;:&quot;0&quot;,&quot;title&quot;:&quot;&quot;,&quot;orientation&quot;:&quot;0&quot;}\" data-image-title=\"magdalena paciorek\" data-image-description=\"\" data-image-caption=\"\" data-large-file=\"https:\/\/gdynia.wordcamp.org\/2016\/files\/2016\/07\/mpaciorek.jpg\" class=\"size-medium wp-image-1316 alignleft\" src=\"https:\/\/2016.gdynia.wordcamp.org\/files\/2016\/07\/mpaciorek-300x225.jpg\" alt=\"magdalena paciorek\" width=\"300\" height=\"225\" srcset=\"https:\/\/gdynia.wordcamp.org\/2016\/files\/2016\/07\/mpaciorek-300x225.jpg 300w, https:\/\/gdynia.wordcamp.org\/2016\/files\/2016\/07\/mpaciorek-400x300.jpg 400w, https:\/\/gdynia.wordcamp.org\/2016\/files\/2016\/07\/mpaciorek.jpg 800w\" sizes=\"auto, (max-width: 300px) 100vw, 300px\" \/>Na co dzie\u0144 pracuje jako webdesigner w ramach w\u0142asnej dzia\u0142alno\u015bci gospodarczej <a href=\"http:\/\/responsywne.eu\/\" target=\"_blank\">responsywne.eu<\/a> &#8211; tworz\u0105c strony internetowe na WordPressie. Do tej pory wsp\u00f3\u0142pracowa\u0142a z ponad 100 klientami, a wszystkiego o prowadzeniu jednoosobowej firmy nauczy\u0142a si\u0119 (i ci\u0105gle si\u0119 uczy\u2026) na w\u0142asnych b\u0142\u0119dach. Dodatkowo anga\u017cuje si\u0119 w organizacj\u0119 pozna\u0144skiego WordUpa.<\/p>\n<h3>Czy aby przypadkiem nie cenisz si\u0119 zbyt nisko?<\/h3>\n<p>Czy zdarzy\u0142o Ci si\u0119 kiedy\u015b, \u017ce \u017ale wyceni\u0142e\u015b zlecenie i ostatecznie zarobi\u0142e\u015b mniej ni\u017c gdyby\u015b w tym czasie wyk\u0142ada\u0142 towar w markecie? A mo\u017ce, mimo \u017ce nie narzekasz na brak zlece\u0144, to zdarza Ci si\u0119 traci\u0107 p\u0142ynno\u015b\u0107 finansow\u0105? Porozmawiajmy o pieni\u0105dzach, stawkach, cenach, o tym za ile tak na prawd\u0119 op\u0142aca si\u0119 pracowa\u0107 i jaki to ma wp\u0142yw na ceny stron internetowych.<\/p>\n\t\t\t\t<\/div>\n\t\t\t<\/div>\n\n\t\t\n\t\t\t<!-- Organizers note: The id attribute is deprecated and only remains for backwards compatibility, please use the corresponding class to target individual speakers -->\n\t\t\t<div id=\"wcorg-speaker-marcin-zych\" class=\"wcorg-speaker wcorg-speaker-marcin-zych wcorg-track-open-2\">\n\t\t\t\t<h2>\n\t\t\t\t\t\n\t\t\t\t\t\tMarcin Zych\n\t\t\t\t\t\t\t\t\t<\/h2>\n\n\t\t\t\t<div class=\"wcorg-speaker-description\">\n\t\t\t\t\t<img alt='' src='https:\/\/secure.gravatar.com\/avatar\/974c15ec7f023533c55b74c6d001036f1a16ef5795def1f6ca00abcc1aaf9f49?s=100&#038;d=mm&#038;r=g' srcset='https:\/\/secure.gravatar.com\/avatar\/974c15ec7f023533c55b74c6d001036f1a16ef5795def1f6ca00abcc1aaf9f49?s=200&#038;d=mm&#038;r=g 2x' class='avatar avatar-100 photo' height='100' width='100' \/>\t\t\t\t\t<p><img loading=\"lazy\" decoding=\"async\" data-attachment-id=\"1074\" data-permalink=\"https:\/\/gdynia.wordcamp.org\/2016\/speaker\/marcin-zych\/marcin_zych\/\" data-orig-file=\"https:\/\/gdynia.wordcamp.org\/2016\/files\/2016\/06\/marcin_zych.png\" data-orig-size=\"1193,1194\" data-comments-opened=\"1\" data-image-meta=\"{&quot;aperture&quot;:&quot;0&quot;,&quot;credit&quot;:&quot;&quot;,&quot;camera&quot;:&quot;&quot;,&quot;caption&quot;:&quot;&quot;,&quot;created_timestamp&quot;:&quot;0&quot;,&quot;copyright&quot;:&quot;&quot;,&quot;focal_length&quot;:&quot;0&quot;,&quot;iso&quot;:&quot;0&quot;,&quot;shutter_speed&quot;:&quot;0&quot;,&quot;title&quot;:&quot;&quot;,&quot;orientation&quot;:&quot;0&quot;}\" data-image-title=\"marcin_zych\" data-image-description=\"\" data-image-caption=\"\" data-large-file=\"https:\/\/gdynia.wordcamp.org\/2016\/files\/2016\/06\/marcin_zych-1024x1024.png\" class=\"size-medium wp-image-1074 alignleft\" src=\"https:\/\/2016.gdynia.wordcamp.org\/files\/2016\/06\/marcin_zych-300x300.png\" alt=\"marcin_zych\" width=\"300\" height=\"300\" srcset=\"https:\/\/gdynia.wordcamp.org\/2016\/files\/2016\/06\/marcin_zych-300x300.png 300w, https:\/\/gdynia.wordcamp.org\/2016\/files\/2016\/06\/marcin_zych-150x150.png 150w, https:\/\/gdynia.wordcamp.org\/2016\/files\/2016\/06\/marcin_zych-1024x1024.png 1024w, https:\/\/gdynia.wordcamp.org\/2016\/files\/2016\/06\/marcin_zych.png 1193w\" sizes=\"auto, (max-width: 300px) 100vw, 300px\" \/>Pasjonat WordPress\u2019a i\u00a0<a href=\"http:\/\/webimax.pl\/blog\">bloger<\/a>\u00a0z\u00a0wieloletnim\u00a0do\u015bwiadczeniem w bran\u017cy marketingu internetowego i budowania strategii\u00a0komunikacji firm w sieci. W\u0142a\u015bciciel agencji <a href=\"http:\/\/webimax.pl\/\">webimax<\/a>,\u00a0kt\u00f3ra z sukcesami realizuje projekty dla sta\u0142ych klient\u00f3w w Polsce i za\u00a0granic\u0105 \u2013 g\u0142\u00f3wnie w sektorze M\u015aP polegaj\u0105cych na przygotowywaniu system\u00f3w\u00a0promocji i pozyskiwaniu klient\u00f3w w internecie, budowaniu strategii promocji\u00a0i komunikacji, a tak\u017ce szkolenia i doradztwo z obs\u0142ugi narz\u0119dzi\u00a0promocyjnych.<\/p>\n<h3>Jak wykorzysta\u0107 facebooka do zbierania danych o klientach i lepszego\u00a0docierania ze swoj\u0105 ofert\u0105 jeszcze dalej<\/h3>\n<p>Prezentacja pozwoli nam pozna\u0107 sposoby na zintegrowanie WordPress\u2019a z Facebookiem w\u00a0celu zbierania danych o osobach odwiedzaj\u0105cych stron\u0119 internetow\u0105 lub\u00a0sklep. Dowiemy si\u0119 jak dalej wykorzystywa\u0107 te dane w celu docierania do\u00a0szerszej, ale \u015bci\u015ble zainteresowanej konkretnymi tre\u015bciami, lub produktami\u00a0grupy os\u00f3b. Podsunie r\u00f3wnie\u017c kilka pomys\u0142\u00f3w na komercjalizacj\u0119 pracy\u00a0\u2013 zar\u00f3wno blogerom, jak i sklepom internetowym.<\/p>\n<p>&nbsp;<\/p>\n\t\t\t\t<\/div>\n\t\t\t<\/div>\n\n\t\t\n\t\t\t<!-- Organizers note: The id attribute is deprecated and only remains for backwards compatibility, please use the corresponding class to target individual speakers -->\n\t\t\t<div id=\"wcorg-speaker-michal-jaworski\" class=\"wcorg-speaker wcorg-speaker-michal-jaworski wcorg-track-open\">\n\t\t\t\t<h2>\n\t\t\t\t\t\n\t\t\t\t\t\tMicha\u0142 Jaworski\n\t\t\t\t\t\t\t\t\t<\/h2>\n\n\t\t\t\t<div class=\"wcorg-speaker-description\">\n\t\t\t\t\t<img alt='' src='https:\/\/secure.gravatar.com\/avatar\/80c428b193bb55c1e3ff09dd8319358073a169c99bae061b9aa6051d87a24a79?s=100&#038;d=mm&#038;r=g' srcset='https:\/\/secure.gravatar.com\/avatar\/80c428b193bb55c1e3ff09dd8319358073a169c99bae061b9aa6051d87a24a79?s=200&#038;d=mm&#038;r=g 2x' class='avatar avatar-100 photo' height='100' width='100' \/>\t\t\t\t\t<p><img loading=\"lazy\" decoding=\"async\" data-attachment-id=\"1561\" data-permalink=\"https:\/\/gdynia.wordcamp.org\/2016\/speaker\/michal-jaworski\/mj1\/\" data-orig-file=\"https:\/\/gdynia.wordcamp.org\/2016\/files\/2016\/07\/mj1.jpg\" data-orig-size=\"2592,3667\" data-comments-opened=\"1\" data-image-meta=\"{&quot;aperture&quot;:&quot;0&quot;,&quot;credit&quot;:&quot;&quot;,&quot;camera&quot;:&quot;&quot;,&quot;caption&quot;:&quot;&quot;,&quot;created_timestamp&quot;:&quot;0&quot;,&quot;copyright&quot;:&quot;&quot;,&quot;focal_length&quot;:&quot;0&quot;,&quot;iso&quot;:&quot;0&quot;,&quot;shutter_speed&quot;:&quot;0&quot;,&quot;title&quot;:&quot;&quot;,&quot;orientation&quot;:&quot;0&quot;}\" data-image-title=\"micha\u0142 jaworski\" data-image-description=\"\" data-image-caption=\"\" data-large-file=\"https:\/\/gdynia.wordcamp.org\/2016\/files\/2016\/07\/mj1-724x1024.jpg\" class=\"size-medium wp-image-1561 alignleft\" src=\"https:\/\/2016.gdynia.wordcamp.org\/files\/2016\/07\/mj1-212x300.jpg\" alt=\"micha\u0142 jaworski\" width=\"212\" height=\"300\" srcset=\"https:\/\/gdynia.wordcamp.org\/2016\/files\/2016\/07\/mj1-212x300.jpg 212w, https:\/\/gdynia.wordcamp.org\/2016\/files\/2016\/07\/mj1-724x1024.jpg 724w\" sizes=\"auto, (max-width: 212px) 100vw, 212px\" \/>Przedsi\u0119biorca z 5 letnim sta\u017cem, zwolennik uwalniania czasu poprzez optymalizacj\u0119 i automatyzacj\u0119 proces\u00f3w. Nie zapomina jednak, \u017ce biznes dzieje si\u0119 pomi\u0119dzy lud\u017ami i nie wszystko da si\u0119 zast\u0105pi\u0107 systemami IT. W WordPressowym \u015bwiecie wsp\u00f3\u0142tw\u00f3rca narz\u0119dzia do \u015bledzenia i analizy zachowa\u0144 u\u017cytkownik\u00f3w <a href=\"https:\/\/wordpress.org\/plugins\/wp-tao\/\" target=\"_blank\">WP Tao<\/a>.<\/p>\n<h3>Porzucony koszyk, czyli szansa na lepsz\u0105 sprzeda\u017c<\/h3>\n<p>Dlaczego klienci Twojego sklepu nie finalizuj\u0105 zam\u00f3wienia? Jak mo\u017cna temu zaradzi\u0107 i jak wykorzysta\u0107 tak\u0105 sytuacj\u0119, aby przynios\u0142a ona jak najwi\u0119ksze korzy\u015bci? Jakie efekty mo\u017cna uzyska\u0107 wdra\u017caj\u0105c odpowiednie narz\u0119dzia (i jakie to narz\u0119dzia)? Prezentacja obowi\u0105zkowa, dla wszystkich, kt\u00f3rzy prowadz\u0105 sprzeda\u017c produkt\u00f3w i us\u0142ug lub opiekuj\u0105 si\u0119 oprogramowaniem klient\u00f3w, kt\u00f3rzy tak\u0105 sprzeda\u017c prowadz\u0105.<\/p>\n\t\t\t\t<\/div>\n\t\t\t<\/div>\n\n\t\t\n\t\t\t<!-- Organizers note: The id attribute is deprecated and only remains for backwards compatibility, please use the corresponding class to target individual speakers -->\n\t\t\t<div id=\"wcorg-speaker-michal-smereczynski\" class=\"wcorg-speaker wcorg-speaker-michal-smereczynski wcorg-track-open\">\n\t\t\t\t<h2>\n\t\t\t\t\t\n\t\t\t\t\t\tMicha\u0142 Smereczy\u0144ski\n\t\t\t\t\t\t\t\t\t<\/h2>\n\n\t\t\t\t<div class=\"wcorg-speaker-description\">\n\t\t\t\t\t<img alt='' src='https:\/\/secure.gravatar.com\/avatar\/091f4902fde9c3a273a022139708b033e140c7f9e95934e524b2488bddc2bf92?s=100&#038;d=mm&#038;r=g' srcset='https:\/\/secure.gravatar.com\/avatar\/091f4902fde9c3a273a022139708b033e140c7f9e95934e524b2488bddc2bf92?s=200&#038;d=mm&#038;r=g 2x' class='avatar avatar-100 photo' height='100' width='100' \/>\t\t\t\t\t<p><img loading=\"lazy\" decoding=\"async\" data-attachment-id=\"1301\" data-permalink=\"https:\/\/gdynia.wordcamp.org\/2016\/speaker\/michal-smereczynski\/michal-smereczynski\/\" data-orig-file=\"https:\/\/gdynia.wordcamp.org\/2016\/files\/2016\/07\/Micha\u0142-Smereczy\u0144ski.jpeg\" data-orig-size=\"3464,5197\" data-comments-opened=\"1\" data-image-meta=\"{&quot;aperture&quot;:&quot;0&quot;,&quot;credit&quot;:&quot;&quot;,&quot;camera&quot;:&quot;&quot;,&quot;caption&quot;:&quot;&quot;,&quot;created_timestamp&quot;:&quot;0&quot;,&quot;copyright&quot;:&quot;&quot;,&quot;focal_length&quot;:&quot;0&quot;,&quot;iso&quot;:&quot;0&quot;,&quot;shutter_speed&quot;:&quot;0&quot;,&quot;title&quot;:&quot;&quot;,&quot;orientation&quot;:&quot;0&quot;}\" data-image-title=\"Micha\u0142 Smereczy\u0144ski\" data-image-description=\"\" data-image-caption=\"\" data-large-file=\"https:\/\/gdynia.wordcamp.org\/2016\/files\/2016\/07\/Micha\u0142-Smereczy\u0144ski-683x1024.jpeg\" class=\"size-medium wp-image-1301 alignleft\" src=\"https:\/\/2016.gdynia.wordcamp.org\/files\/2016\/07\/Micha\u0142-Smereczy\u0144ski-200x300.jpeg\" alt=\"Micha\u0142 Smereczy\u0144ski\" width=\"200\" height=\"300\" srcset=\"https:\/\/gdynia.wordcamp.org\/2016\/files\/2016\/07\/Micha\u0142-Smereczy\u0144ski-200x300.jpeg 200w, https:\/\/gdynia.wordcamp.org\/2016\/files\/2016\/07\/Micha\u0142-Smereczy\u0144ski-683x1024.jpeg 683w\" sizes=\"auto, (max-width: 200px) 100vw, 200px\" \/>MVP Microsoft Azure wyspecjalizowany w technologiach Open Source. Za\u0142o\u017cyciel i lider Polskiej Grupy U\u017cytkownik\u00f3w Microsoft Azure. Przedsi\u0119biorca &#8211; ekspert i konsultant w dziedzinie adaptacji i wdro\u017ce\u0144 platformy Microsoft Azure. Ewangelista otwartego oprogramowania i interoperacyjno\u015bci. Spo\u0142eczny aktywista i wsp\u00f3\u0142za\u0142o\u017cyciel Fundacji Aegis. Prywatnie wieczny student, pasjonat i geek. Organizator i uczestnik konferencji i wydarze\u0144 zwi\u0105zanych z integracj\u0105 bran\u017cy IT.<\/p>\n<h3>WordPress REST API &#8211; czyli jak oddzieli\u0107 CMS od frontendu<\/h3>\n<p>wp-api, czyli WordPress REST API to nie tylko nowa metodyka pracy nad motywami. To tak\u017ce zupe\u0142nie nowe perspektywy na wykorzystanie CMS WordPress jako scentralizowanej bazy zawarto\u015bci dla stron www, aplikacji mobilnych i aplikacji tradycyjnych. Wszystko kraszone odrobin\u0105 High Availability i Load Balancingu. Sesja sk\u0142\u0105da si\u0119 w 50% z poj\u0119\u0107 programistycznych i w 50% z poj\u0119\u0107 administracyjnych &#8211; ka\u017cdy znajdzie co\u015b dla siebie.<\/p>\n\t\t\t\t<\/div>\n\t\t\t<\/div>\n\n\t\t\n\t\t\t<!-- Organizers note: The id attribute is deprecated and only remains for backwards compatibility, please use the corresponding class to target individual speakers -->\n\t\t\t<div id=\"wcorg-speaker-michal-strzesniewski\" class=\"wcorg-speaker wcorg-speaker-michal-strzesniewski wcorg-track-developer\">\n\t\t\t\t<h2>\n\t\t\t\t\t\n\t\t\t\t\t\tMicha\u0142 Strze\u015bniewski\n\t\t\t\t\t\t\t\t\t<\/h2>\n\n\t\t\t\t<div class=\"wcorg-speaker-description\">\n\t\t\t\t\t<img alt='' src='https:\/\/secure.gravatar.com\/avatar\/1a220063e361e44dad20ef081ad1fcc3000f3644d656a7fbcd96fd18f28d29f0?s=100&#038;d=mm&#038;r=g' srcset='https:\/\/secure.gravatar.com\/avatar\/1a220063e361e44dad20ef081ad1fcc3000f3644d656a7fbcd96fd18f28d29f0?s=200&#038;d=mm&#038;r=g 2x' class='avatar avatar-100 photo' height='100' width='100' \/>\t\t\t\t\t<p><img loading=\"lazy\" decoding=\"async\" data-attachment-id=\"967\" data-permalink=\"https:\/\/gdynia.wordcamp.org\/2016\/speaker\/michal-strzesniewski\/michal-strzesniewski-2\/\" data-orig-file=\"https:\/\/gdynia.wordcamp.org\/2016\/files\/2016\/06\/micha\u0142-strzes\u0301niewski.jpg\" data-orig-size=\"1000,667\" data-comments-opened=\"1\" data-image-meta=\"{&quot;aperture&quot;:&quot;0&quot;,&quot;credit&quot;:&quot;&quot;,&quot;camera&quot;:&quot;&quot;,&quot;caption&quot;:&quot;&quot;,&quot;created_timestamp&quot;:&quot;1446203168&quot;,&quot;copyright&quot;:&quot;&quot;,&quot;focal_length&quot;:&quot;0&quot;,&quot;iso&quot;:&quot;0&quot;,&quot;shutter_speed&quot;:&quot;0&quot;,&quot;title&quot;:&quot;&quot;,&quot;orientation&quot;:&quot;0&quot;}\" data-image-title=\"micha\u0142 strzesniewski\" data-image-description=\"\" data-image-caption=\"\" data-large-file=\"https:\/\/gdynia.wordcamp.org\/2016\/files\/2016\/06\/micha\u0142-strzes\u0301niewski.jpg\" class=\"size-medium wp-image-967 alignleft\" src=\"https:\/\/2016.gdynia.wordcamp.org\/files\/2016\/06\/micha\u0142-strzes\u0301niewski-300x200.jpg\" alt=\"micha\u0142 strzesniewski\" width=\"300\" height=\"200\" srcset=\"https:\/\/gdynia.wordcamp.org\/2016\/files\/2016\/06\/micha\u0142-strzes\u0301niewski-300x200.jpg 300w, https:\/\/gdynia.wordcamp.org\/2016\/files\/2016\/06\/micha\u0142-strzes\u0301niewski-450x300.jpg 450w, https:\/\/gdynia.wordcamp.org\/2016\/files\/2016\/06\/micha\u0142-strzes\u0301niewski.jpg 1000w\" sizes=\"auto, (max-width: 300px) 100vw, 300px\" \/>Lead Web Developer KERRIS Group Lider zespo\u0142u front-end developmentu i do\u015bwiadczony WordPress Developer w agencji interaktywnej KERRIS. Zdobywa\u0142 do\u015bwiadczenie tworz\u0105c zar\u00f3wno strony jak i aplikacje internetowe dla klient\u00f3w z wielu bran\u017c. Dzieli si\u0119 swoj\u0105 wiedz\u0105 na konferencjach i spotkaniach takich jak WordCamp, WordUp czy 4Developers. Za swoje projekty zdobywa\u0142 wyr\u00f3\u017cnienia w konkursach bran\u017cowych.<\/p>\n<h4>CSS Grid Layout, wprowadzenie do projektowania stron przysz\u0142o\u015bci<\/h4>\n<p>Dzi\u0119ki tej prezentacji poznacie jak dzia\u0142a CSS Grid Layout. Natywny, czyli wbudowany w specyfikacj\u0119 CSS3. Na prostych przyk\u0142adach zostan\u0105 zaprezentowane wielkie mo\u017cliwo\u015bci, jakie on posiada. Przy zastosowaniu tej metody \u017caden inny grid system nie b\u0119dzie wam wi\u0119cej potrzebny.<\/p>\n\t\t\t\t<\/div>\n\t\t\t<\/div>\n\n\t\t\n\t\t\t<!-- Organizers note: The id attribute is deprecated and only remains for backwards compatibility, please use the corresponding class to target individual speakers -->\n\t\t\t<div id=\"wcorg-speaker-olexiy-fedorov\" class=\"wcorg-speaker wcorg-speaker-olexiy-fedorov wcorg-track-open-2\">\n\t\t\t\t<h2>\n\t\t\t\t\t\n\t\t\t\t\t\tOlexiy Fedorov\n\t\t\t\t\t\t\t\t\t<\/h2>\n\n\t\t\t\t<div class=\"wcorg-speaker-description\">\n\t\t\t\t\t<img alt='' src='https:\/\/secure.gravatar.com\/avatar\/82a7077478fc3e3e0c6548c0f37a1738dcc07d174580526ccf2b0dbc4b73d73f?s=100&#038;d=mm&#038;r=g' srcset='https:\/\/secure.gravatar.com\/avatar\/82a7077478fc3e3e0c6548c0f37a1738dcc07d174580526ccf2b0dbc4b73d73f?s=200&#038;d=mm&#038;r=g 2x' class='avatar avatar-100 photo' height='100' width='100' \/>\t\t\t\t\t<p><img loading=\"lazy\" decoding=\"async\" data-attachment-id=\"1245\" data-permalink=\"https:\/\/gdynia.wordcamp.org\/2016\/speaker\/olexiy-fedorov\/olexiy-fedorov-2\/\" data-orig-file=\"https:\/\/gdynia.wordcamp.org\/2016\/files\/2016\/06\/Olexiy-Fedorov.jpg\" data-orig-size=\"2048,1365\" data-comments-opened=\"1\" data-image-meta=\"{&quot;aperture&quot;:&quot;0&quot;,&quot;credit&quot;:&quot;Sasha Paleeva&quot;,&quot;camera&quot;:&quot;&quot;,&quot;caption&quot;:&quot;&quot;,&quot;created_timestamp&quot;:&quot;0&quot;,&quot;copyright&quot;:&quot;&quot;,&quot;focal_length&quot;:&quot;0&quot;,&quot;iso&quot;:&quot;0&quot;,&quot;shutter_speed&quot;:&quot;0&quot;,&quot;title&quot;:&quot;&quot;,&quot;orientation&quot;:&quot;0&quot;}\" data-image-title=\"Olexiy Fedorov\" data-image-description=\"\" data-image-caption=\"\" data-large-file=\"https:\/\/gdynia.wordcamp.org\/2016\/files\/2016\/06\/Olexiy-Fedorov-1024x683.jpg\" class=\"size-medium wp-image-1245 alignleft\" src=\"https:\/\/2016.gdynia.wordcamp.org\/files\/2016\/06\/Olexiy-Fedorov-300x200.jpg\" alt=\"Olexiy Fedorov\" width=\"300\" height=\"200\" srcset=\"https:\/\/gdynia.wordcamp.org\/2016\/files\/2016\/06\/Olexiy-Fedorov-300x200.jpg 300w, https:\/\/gdynia.wordcamp.org\/2016\/files\/2016\/06\/Olexiy-Fedorov-1024x683.jpg 1024w, https:\/\/gdynia.wordcamp.org\/2016\/files\/2016\/06\/Olexiy-Fedorov-450x300.jpg 450w, https:\/\/gdynia.wordcamp.org\/2016\/files\/2016\/06\/Olexiy-Fedorov.jpg 2048w\" sizes=\"auto, (max-width: 300px) 100vw, 300px\" \/>Owner and CEO @ www.deco.agency (one of the TOP5 Ukrainian web-agencies, which specialized on WP-development). Works with clients from the USA, Canada, China, Estonia, Ukraine.<\/p>\n<h3>Content projects (web-magazines\/blogs): trends, what customers and their clients are looking for; where is the money?<\/h3>\n<p>We will review the latest trends in the field of developing content-projects, both in terms of design and functionality. Live cases will be revealed. Also the second part of presentation could be about &#8222;How build your service to International market from Eastern Europe&#8221;. Talking about developing premium-plugins and target them to the US\/UK market.<\/p>\n\t\t\t\t<\/div>\n\t\t\t<\/div>\n\n\t\t\n\t\t\t<!-- Organizers note: The id attribute is deprecated and only remains for backwards compatibility, please use the corresponding class to target individual speakers -->\n\t\t\t<div id=\"wcorg-speaker-piotr-niewiadomski\" class=\"wcorg-speaker wcorg-speaker-piotr-niewiadomski wcorg-track-developer-2\">\n\t\t\t\t<h2>\n\t\t\t\t\t\n\t\t\t\t\t\tPiotr Niewiadomski\n\t\t\t\t\t\t\t\t\t<\/h2>\n\n\t\t\t\t<div class=\"wcorg-speaker-description\">\n\t\t\t\t\t<img alt='' src='https:\/\/secure.gravatar.com\/avatar\/812c25cf0cdc5dd1cf8ef3a01dce2c6de1d7eded5d33ed8881ef053c4223e1cc?s=100&#038;d=mm&#038;r=g' srcset='https:\/\/secure.gravatar.com\/avatar\/812c25cf0cdc5dd1cf8ef3a01dce2c6de1d7eded5d33ed8881ef053c4223e1cc?s=200&#038;d=mm&#038;r=g 2x' class='avatar avatar-100 photo' height='100' width='100' \/>\t\t\t\t\t<p><img loading=\"lazy\" decoding=\"async\" data-attachment-id=\"1192\" data-permalink=\"https:\/\/gdynia.wordcamp.org\/2016\/speaker\/piotr-niewiadomski\/piotr_niewiadomski\/\" data-orig-file=\"https:\/\/gdynia.wordcamp.org\/2016\/files\/2016\/06\/Piotr_Niewiadomski.png\" data-orig-size=\"800,533\" data-comments-opened=\"1\" data-image-meta=\"{&quot;aperture&quot;:&quot;0&quot;,&quot;credit&quot;:&quot;&quot;,&quot;camera&quot;:&quot;&quot;,&quot;caption&quot;:&quot;&quot;,&quot;created_timestamp&quot;:&quot;0&quot;,&quot;copyright&quot;:&quot;&quot;,&quot;focal_length&quot;:&quot;0&quot;,&quot;iso&quot;:&quot;0&quot;,&quot;shutter_speed&quot;:&quot;0&quot;,&quot;title&quot;:&quot;&quot;,&quot;orientation&quot;:&quot;0&quot;}\" data-image-title=\"Piotr Niewiadomski\" data-image-description=\"\" data-image-caption=\"\" data-large-file=\"https:\/\/gdynia.wordcamp.org\/2016\/files\/2016\/06\/Piotr_Niewiadomski.png\" class=\"alignleft wp-image-1192 size-medium\" src=\"https:\/\/2016.gdynia.wordcamp.org\/files\/2016\/06\/Piotr_Niewiadomski-300x200.png\" alt=\"Piotr Niewiadomski\" width=\"300\" height=\"200\" srcset=\"https:\/\/gdynia.wordcamp.org\/2016\/files\/2016\/06\/Piotr_Niewiadomski-300x200.png 300w, https:\/\/gdynia.wordcamp.org\/2016\/files\/2016\/06\/Piotr_Niewiadomski-450x300.png 450w, https:\/\/gdynia.wordcamp.org\/2016\/files\/2016\/06\/Piotr_Niewiadomski.png 800w\" sizes=\"auto, (max-width: 300px) 100vw, 300px\" \/>Tech Lead w Clearcode. WordPress developer od 6 lat.<\/p>\n<h3>Synchronizacja tre\u015bci mi\u0119dzy stronami na WordPressie z wykorzystaniem WP-API<\/h3>\n<p>Case study strony Piwik.pro, jak przy u\u017cyciu WP-API powi\u0105za\u0107 t\u0142umaczone tre\u015bci mi\u0119dzy r\u00f3\u017cnymi wersjami j\u0119zykowymi strony.<\/p>\n\t\t\t\t<\/div>\n\t\t\t<\/div>\n\n\t\t\n\t\t\t<!-- Organizers note: The id attribute is deprecated and only remains for backwards compatibility, please use the corresponding class to target individual speakers -->\n\t\t\t<div id=\"wcorg-speaker-rafal-osinski\" class=\"wcorg-speaker wcorg-speaker-rafal-osinski wcorg-track-user\">\n\t\t\t\t<h2>\n\t\t\t\t\t\n\t\t\t\t\t\tRafa\u0142 Osi\u0144ski\n\t\t\t\t\t\t\t\t\t<\/h2>\n\n\t\t\t\t<div class=\"wcorg-speaker-description\">\n\t\t\t\t\t<img alt='' src='https:\/\/secure.gravatar.com\/avatar\/af957dcaaa7af50e66d53a606a5c1703882037c71c1a63ba46d0fee976362440?s=100&#038;d=mm&#038;r=g' srcset='https:\/\/secure.gravatar.com\/avatar\/af957dcaaa7af50e66d53a606a5c1703882037c71c1a63ba46d0fee976362440?s=200&#038;d=mm&#038;r=g 2x' class='avatar avatar-100 photo' height='100' width='100' \/>\t\t\t\t\t<p><img loading=\"lazy\" decoding=\"async\" data-attachment-id=\"1314\" data-permalink=\"https:\/\/gdynia.wordcamp.org\/2016\/speaker\/rafal-osinski\/rafal-osinski\/\" data-orig-file=\"https:\/\/gdynia.wordcamp.org\/2016\/files\/2016\/07\/Rafa\u0142-Osi\u0144ski.jpg\" data-orig-size=\"519,519\" data-comments-opened=\"1\" data-image-meta=\"{&quot;aperture&quot;:&quot;0&quot;,&quot;credit&quot;:&quot;&quot;,&quot;camera&quot;:&quot;&quot;,&quot;caption&quot;:&quot;&quot;,&quot;created_timestamp&quot;:&quot;0&quot;,&quot;copyright&quot;:&quot;&quot;,&quot;focal_length&quot;:&quot;0&quot;,&quot;iso&quot;:&quot;0&quot;,&quot;shutter_speed&quot;:&quot;0&quot;,&quot;title&quot;:&quot;&quot;,&quot;orientation&quot;:&quot;0&quot;}\" data-image-title=\"Rafa\u0142 Osi\u0144ski\" data-image-description=\"\" data-image-caption=\"\" data-large-file=\"https:\/\/gdynia.wordcamp.org\/2016\/files\/2016\/07\/Rafa\u0142-Osi\u0144ski.jpg\" class=\"size-medium wp-image-1314 alignleft\" src=\"https:\/\/2016.gdynia.wordcamp.org\/files\/2016\/07\/Rafa\u0142-Osi\u0144ski-300x300.jpg\" alt=\"Rafa\u0142 Osi\u0144ski\" width=\"300\" height=\"300\" srcset=\"https:\/\/gdynia.wordcamp.org\/2016\/files\/2016\/07\/Rafa\u0142-Osi\u0144ski-300x300.jpg 300w, https:\/\/gdynia.wordcamp.org\/2016\/files\/2016\/07\/Rafa\u0142-Osi\u0144ski-150x150.jpg 150w, https:\/\/gdynia.wordcamp.org\/2016\/files\/2016\/07\/Rafa\u0142-Osi\u0144ski.jpg 519w\" sizes=\"auto, (max-width: 300px) 100vw, 300px\" \/>Aktualnie Frontend Developer w <a href=\"https:\/\/www.getresponse.pl\/\" target=\"_blank\">GetResponse<\/a>. Od 5 lat tworzy rozwi\u0105zania dedykowane, motywy oraz wtyczki pod WordPressem. Aktualnie w trzyosobowym zespole rozwija wtyczk\u0119 Adziner na CodeCanyon. Przez prawie 2 lata pracowa\u0142 zdalnie dla agencji z Kanady oraz w startupie w Australii.<\/p>\n<h3>ThemeForest\/CodeCanyon (Envato) &#8211; pierwsze kroki developera<\/h3>\n<p>Dostaniesz w ko\u0144cu odpowiedzi na nurtuj\u0105ce wiele os\u00f3b pytania. Jak wygl\u0105da zarobek i development w grupie Envato. Zobaczysz jak wygl\u0105da to od strony finansowej, jakie warunki trzeba spe\u0142nia\u0107, jaki podatek od tego si\u0119 p\u0142aci. Jak zmienia\u0142 si\u0119 ten rynek na przestrzeni lat? Czy ka\u017cdy mo\u017ce publikowa\u0107 swoje tre\u015bci? Jak utrzymywa\u0107 sprzeda\u017c i czy mo\u017cna j\u0105 podnie\u015b\u0107 oraz czy warto dba\u0107 o gwiazdki? Czy Envato to naprawd\u0119 jest przych\u00f3d pasywny oraz jak si\u0119 przygotowa\u0107 aby zacz\u0105\u0107 zarabia\u0107 na tej platformie?<\/p>\n\t\t\t\t<\/div>\n\t\t\t<\/div>\n\n\t\t\n\t\t\t<!-- Organizers note: The id attribute is deprecated and only remains for backwards compatibility, please use the corresponding class to target individual speakers -->\n\t\t\t<div id=\"wcorg-speaker-szymon-kapturkiewicz\" class=\"wcorg-speaker wcorg-speaker-szymon-kapturkiewicz wcorg-track-developer\">\n\t\t\t\t<h2>\n\t\t\t\t\t\n\t\t\t\t\t\tSzymon Kapturkiewicz\n\t\t\t\t\t\t\t\t\t<\/h2>\n\n\t\t\t\t<div class=\"wcorg-speaker-description\">\n\t\t\t\t\t<img alt='' src='https:\/\/secure.gravatar.com\/avatar\/bd41fc55fe30348140b5e6cf01983d8ceb5c9f6c5fdfe8aee3585fef242f9982?s=100&#038;d=mm&#038;r=g' srcset='https:\/\/secure.gravatar.com\/avatar\/bd41fc55fe30348140b5e6cf01983d8ceb5c9f6c5fdfe8aee3585fef242f9982?s=200&#038;d=mm&#038;r=g 2x' class='avatar avatar-100 photo' height='100' width='100' \/>\t\t\t\t\t<p><img loading=\"lazy\" decoding=\"async\" data-attachment-id=\"1133\" data-permalink=\"https:\/\/gdynia.wordcamp.org\/2016\/speaker\/szymon-kapturkiewicz\/szymon-resized\/\" data-orig-file=\"https:\/\/gdynia.wordcamp.org\/2016\/files\/2016\/06\/Szymon.resized.jpg\" data-orig-size=\"1800,1200\" data-comments-opened=\"1\" data-image-meta=\"{&quot;aperture&quot;:&quot;0&quot;,&quot;credit&quot;:&quot;&quot;,&quot;camera&quot;:&quot;&quot;,&quot;caption&quot;:&quot;&quot;,&quot;created_timestamp&quot;:&quot;0&quot;,&quot;copyright&quot;:&quot;&quot;,&quot;focal_length&quot;:&quot;0&quot;,&quot;iso&quot;:&quot;0&quot;,&quot;shutter_speed&quot;:&quot;0&quot;,&quot;title&quot;:&quot;&quot;,&quot;orientation&quot;:&quot;0&quot;}\" data-image-title=\"Szymon Kapturkiewicz\" data-image-description=\"\" data-image-caption=\"\" data-large-file=\"https:\/\/gdynia.wordcamp.org\/2016\/files\/2016\/06\/Szymon.resized-1024x683.jpg\" class=\"size-medium wp-image-1133 alignleft\" src=\"https:\/\/2016.gdynia.wordcamp.org\/files\/2016\/06\/Szymon.resized-300x200.jpg\" alt=\"Szymon Kapturkiewicz\" width=\"300\" height=\"200\" srcset=\"https:\/\/gdynia.wordcamp.org\/2016\/files\/2016\/06\/Szymon.resized-300x200.jpg 300w, https:\/\/gdynia.wordcamp.org\/2016\/files\/2016\/06\/Szymon.resized-1024x683.jpg 1024w, https:\/\/gdynia.wordcamp.org\/2016\/files\/2016\/06\/Szymon.resized-450x300.jpg 450w, https:\/\/gdynia.wordcamp.org\/2016\/files\/2016\/06\/Szymon.resized.jpg 1800w\" sizes=\"auto, (max-width: 300px) 100vw, 300px\" \/>CEO w InterSynergy i wsp\u00f3\u0142tw\u00f3rca WP Doctor. Na co dzie\u0144 zajmuje si\u0119 projektowaniem architektury oprogramowania. Ka\u017cd\u0105 woln\u0105 chwil\u0119 po\u015bwi\u0119ca na rozwijanie kompetencji zwi\u0105zanych metodyk\u0105 LEAN i LEAN Software Development.<\/p>\n<h3>B\u0142yskawiczne tworzenie meta boxes, ustawie\u0144, widget\u00f3w i front-endowych formularzy z wykorzystaniem frameworka Piklist<\/h3>\n<p>WordPress pozwala na tworzenie w\u0142asnych p\u00f3l, meta boxes, widget\u00f3w i wielu, wielu innych rzeczy. Bywa to jednak uci\u0105\u017cliwe, zw\u0142aszcza, gdy potrzebujemy zrobi\u0107 to szybko i bezbole\u015bnie. Z pomoc\u0105 przychodzi Piklist &#8211; framework, dzi\u0119ki kt\u00f3remu za pomoc\u0105 kilku linijek kodu dodamy w\u0142asne, w pe\u0142ni funkcjonalne pola z walidacj\u0105 zapakowane w elegancki meta box, stworzymy pe\u0142noprawny widget lub stron\u0119 ustawie\u0144. Dodawanie z\u0142o\u017conych, powtarzalnych p\u00f3l lub \u0142adowanie plik\u00f3w nie stanowi dla niego najmniejszego problemu. Piklist jest rozwi\u0105zaniem wartym uwagi ka\u017cdego developera WordPress &#8211; dzia\u0142a z motywami i wtyczkami. Jest bardzo lekki, przez co z powodzeniem mo\u017ce by\u0107 wykorzystany w projekcie ka\u017cdej wielko\u015bci.<\/p>\n\t\t\t\t<\/div>\n\t\t\t<\/div>\n\n\t\t\n\t\t\t<!-- Organizers note: The id attribute is deprecated and only remains for backwards compatibility, please use the corresponding class to target individual speakers -->\n\t\t\t<div id=\"wcorg-speaker-szymon-slowik\" class=\"wcorg-speaker wcorg-speaker-szymon-slowik wcorg-track-design\">\n\t\t\t\t<h2>\n\t\t\t\t\t\n\t\t\t\t\t\tSzymon S\u0142owik\n\t\t\t\t\t\t\t\t\t<\/h2>\n\n\t\t\t\t<div class=\"wcorg-speaker-description\">\n\t\t\t\t\t<img alt='' src='https:\/\/secure.gravatar.com\/avatar\/?s=100&#038;d=mm&#038;r=g' srcset='https:\/\/secure.gravatar.com\/avatar\/?s=200&#038;d=mm&#038;r=g 2x' class='avatar avatar-100 photo avatar-default' height='100' width='100' \/>\t\t\t\t\t<p><img loading=\"lazy\" decoding=\"async\" data-attachment-id=\"969\" data-permalink=\"https:\/\/gdynia.wordcamp.org\/2016\/speaker\/szymon-slowik\/szymon-slowik-2\/\" data-orig-file=\"https:\/\/gdynia.wordcamp.org\/2016\/files\/2016\/06\/szymon-slowik.jpg\" data-orig-size=\"1500,1200\" data-comments-opened=\"1\" data-image-meta=\"{&quot;aperture&quot;:&quot;0&quot;,&quot;credit&quot;:&quot;&quot;,&quot;camera&quot;:&quot;&quot;,&quot;caption&quot;:&quot;&quot;,&quot;created_timestamp&quot;:&quot;0&quot;,&quot;copyright&quot;:&quot;&quot;,&quot;focal_length&quot;:&quot;0&quot;,&quot;iso&quot;:&quot;0&quot;,&quot;shutter_speed&quot;:&quot;0&quot;,&quot;title&quot;:&quot;&quot;,&quot;orientation&quot;:&quot;0&quot;}\" data-image-title=\"szymon slowik\" data-image-description=\"\" data-image-caption=\"\" data-large-file=\"https:\/\/gdynia.wordcamp.org\/2016\/files\/2016\/06\/szymon-slowik-1024x819.jpg\" class=\"size-medium wp-image-969 alignleft\" src=\"https:\/\/2016.gdynia.wordcamp.org\/files\/2016\/06\/szymon-slowik-300x240.jpg\" alt=\"szymon slowik\" width=\"300\" height=\"240\" srcset=\"https:\/\/gdynia.wordcamp.org\/2016\/files\/2016\/06\/szymon-slowik-300x240.jpg 300w, https:\/\/gdynia.wordcamp.org\/2016\/files\/2016\/06\/szymon-slowik-1024x819.jpg 1024w, https:\/\/gdynia.wordcamp.org\/2016\/files\/2016\/06\/szymon-slowik-375x300.jpg 375w, https:\/\/gdynia.wordcamp.org\/2016\/files\/2016\/06\/szymon-slowik.jpg 1500w\" sizes=\"auto, (max-width: 300px) 100vw, 300px\" \/>Zajmuje si\u0119 komunikacj\u0105 i marketingiem w internecie. Pracuje zar\u00f3wno z M\u015aP, jak i du\u017cymi markami. Specjalizuje si\u0119 w tematyce inbound marketingu, projektowania strategii komunikacji i pozyskiwania ruchu w sieci. Jest wsp\u00f3\u0142za\u0142o\u017cycielem firmy <a href=\"http:\/\/takaoto.pro\/\" target=\"_blank\">takaoto.pro<\/a>, w obr\u0119bie kt\u00f3rej prowadzi blog. Ponadto bloguj\u0119 na <a href=\"http:\/\/www.szymonslowik.pl\/\" target=\"_blank\">www.szymonslowik.pl<\/a> oraz ch\u0119tnie udziela si\u0119 w prasie bran\u017cowej.<\/p>\n<h4>Projektowanie i rozw\u00f3j struktury serwisu z perspektywy SEO i UX<\/h4>\n<p>W ramach prelekcji Szymon przedstawi\u00a0 dobre praktyki w zakresie projektowania architektury informacji stron. W prezentacji skupi si\u0119 na kwestiach fundamentalnych\/teoretycznych, om\u00f3wi znaczenie architektury informacji, projektowania nawigacji i linkowania wewn\u0119trznego oraz podzia\u0142u tre\u015bci na stronie.<\/p>\n\t\t\t\t<\/div>\n\t\t\t<\/div>\n\n\t\t\n\t\t\t<!-- Organizers note: The id attribute is deprecated and only remains for backwards compatibility, please use the corresponding class to target individual speakers -->\n\t\t\t<div id=\"wcorg-speaker-tomasz-dziuda\" class=\"wcorg-speaker wcorg-speaker-tomasz-dziuda wcorg-track-open\">\n\t\t\t\t<h2>\n\t\t\t\t\t\n\t\t\t\t\t\tTomasz Dziuda\n\t\t\t\t\t\t\t\t\t<\/h2>\n\n\t\t\t\t<div class=\"wcorg-speaker-description\">\n\t\t\t\t\t<img alt='' src='https:\/\/secure.gravatar.com\/avatar\/39374f1d08aebb652e589ea0237237b0c9389c615056e4988801db209c7b8502?s=100&#038;d=mm&#038;r=g' srcset='https:\/\/secure.gravatar.com\/avatar\/39374f1d08aebb652e589ea0237237b0c9389c615056e4988801db209c7b8502?s=200&#038;d=mm&#038;r=g 2x' class='avatar avatar-100 photo' height='100' width='100' \/>\t\t\t\t\t<p><img loading=\"lazy\" decoding=\"async\" data-attachment-id=\"1358\" data-permalink=\"https:\/\/gdynia.wordcamp.org\/2016\/speaker\/tomasz-dziuda\/tomasz-dziuda\/\" data-orig-file=\"https:\/\/gdynia.wordcamp.org\/2016\/files\/2016\/07\/tomasz-dziuda.jpg\" data-orig-size=\"900,900\" data-comments-opened=\"1\" data-image-meta=\"{&quot;aperture&quot;:&quot;0&quot;,&quot;credit&quot;:&quot;&quot;,&quot;camera&quot;:&quot;&quot;,&quot;caption&quot;:&quot;&quot;,&quot;created_timestamp&quot;:&quot;0&quot;,&quot;copyright&quot;:&quot;&quot;,&quot;focal_length&quot;:&quot;0&quot;,&quot;iso&quot;:&quot;0&quot;,&quot;shutter_speed&quot;:&quot;0&quot;,&quot;title&quot;:&quot;&quot;,&quot;orientation&quot;:&quot;0&quot;}\" data-image-title=\"tomasz dziuda\" data-image-description=\"\" data-image-caption=\"\" data-large-file=\"https:\/\/gdynia.wordcamp.org\/2016\/files\/2016\/07\/tomasz-dziuda.jpg\" class=\"size-medium wp-image-1358 alignleft\" src=\"https:\/\/2016.gdynia.wordcamp.org\/files\/2016\/07\/tomasz-dziuda-300x300.jpg\" alt=\"tomasz dziuda\" width=\"300\" height=\"300\" srcset=\"https:\/\/gdynia.wordcamp.org\/2016\/files\/2016\/07\/tomasz-dziuda-300x300.jpg 300w, https:\/\/gdynia.wordcamp.org\/2016\/files\/2016\/07\/tomasz-dziuda-150x150.jpg 150w, https:\/\/gdynia.wordcamp.org\/2016\/files\/2016\/07\/tomasz-dziuda.jpg 900w\" sizes=\"auto, (max-width: 300px) 100vw, 300px\" \/>Mi\u0142o\u015bnik i propagator WordPressa. Organizator WordUp \u0141\u00f3d\u017a, wsp\u00f3\u0142organizator WordCamp Polska 2014\/2015. Pasjonat nowych technologii webowych. Freelancer. Front-end developer.<\/p>\n<h3>Dok\u0105d zmierza WordPress?<\/h3>\n<p>WordPress od kilku lat jest najpopularniejszym systemem zarz\u0105dzania tre\u015bci\u0105. Jednak jak wiemy Internet nie znosi pr\u00f3\u017cni a utrzymanie pozycji lidera przez d\u0142ugi czas jest ci\u0119\u017ckim zadaniem. W tej prelekcji przyjrzymy si\u0119 historii WordPressa i Internetu a potem spr\u00f3bujemy odpowiedzie\u0107 na nurtuj\u0105ce wiele os\u00f3b pytanie &#8211; jaka przysz\u0142o\u015b\u0107 czeka WordPressa?<\/p>\n\t\t\t\t<\/div>\n\t\t\t<\/div>\n\n\t\t\n\t\t\t<!-- Organizers note: The id attribute is deprecated and only remains for backwards compatibility, please use the corresponding class to target individual speakers -->\n\t\t\t<div id=\"wcorg-speaker-tomasz-lach\" class=\"wcorg-speaker wcorg-speaker-tomasz-lach wcorg-track-open\">\n\t\t\t\t<h2>\n\t\t\t\t\t\n\t\t\t\t\t\tTomasz Lach\n\t\t\t\t\t\t\t\t\t<\/h2>\n\n\t\t\t\t<div class=\"wcorg-speaker-description\">\n\t\t\t\t\t<img alt='' src='https:\/\/secure.gravatar.com\/avatar\/?s=100&#038;d=mm&#038;r=g' srcset='https:\/\/secure.gravatar.com\/avatar\/?s=200&#038;d=mm&#038;r=g 2x' class='avatar avatar-100 photo avatar-default' height='100' width='100' \/>\t\t\t\t\t<p><img loading=\"lazy\" decoding=\"async\" data-attachment-id=\"972\" data-permalink=\"https:\/\/gdynia.wordcamp.org\/2016\/speaker\/tomasz-lach\/tomasz-lach-2\/\" data-orig-file=\"https:\/\/gdynia.wordcamp.org\/2016\/files\/2016\/06\/tomasz-lach.jpg\" data-orig-size=\"600,600\" data-comments-opened=\"1\" data-image-meta=\"{&quot;aperture&quot;:&quot;0&quot;,&quot;credit&quot;:&quot;&quot;,&quot;camera&quot;:&quot;&quot;,&quot;caption&quot;:&quot;&quot;,&quot;created_timestamp&quot;:&quot;0&quot;,&quot;copyright&quot;:&quot;&quot;,&quot;focal_length&quot;:&quot;0&quot;,&quot;iso&quot;:&quot;0&quot;,&quot;shutter_speed&quot;:&quot;0&quot;,&quot;title&quot;:&quot;&quot;,&quot;orientation&quot;:&quot;0&quot;}\" data-image-title=\"tomasz lach\" data-image-description=\"\" data-image-caption=\"\" data-large-file=\"https:\/\/gdynia.wordcamp.org\/2016\/files\/2016\/06\/tomasz-lach.jpg\" class=\"size-medium wp-image-972 alignleft\" src=\"https:\/\/2016.gdynia.wordcamp.org\/files\/2016\/06\/tomasz-lach-300x300.jpg\" alt=\"tomasz lach\" width=\"300\" height=\"300\" srcset=\"https:\/\/gdynia.wordcamp.org\/2016\/files\/2016\/06\/tomasz-lach-300x300.jpg 300w, https:\/\/gdynia.wordcamp.org\/2016\/files\/2016\/06\/tomasz-lach-150x150.jpg 150w, https:\/\/gdynia.wordcamp.org\/2016\/files\/2016\/06\/tomasz-lach.jpg 600w\" sizes=\"auto, (max-width: 300px) 100vw, 300px\" \/>Pasjonat WordPress\u2019a, przedsi\u0119biorca i bloger, r\u00f3wnolegle rozwija firm\u0119 internetow\u0105 i profesjonalny blog kulinarny. \u015awiadczy us\u0142ugi IT i projektowe zwi\u0105zane z platform\u0105 WordPress dla klient\u00f3w z ca\u0142ego \u015bwiata. Jako bloger jest r\u00f3wnie\u017c pomys\u0142odawc\u0105 i organizatorem (od 2013 roku) ca\u0142ej serii konferencji \u201ebloSilesia\u201d (<a href=\"http:\/\/www.blosilesia.org\/\" target=\"_blank\">www.blosilesia.org<\/a>) maj\u0105cych na celu rozw\u00f3j i integracj\u0119 polskiej blogosfery.<\/p>\n<h4><strong>Jak zacz\u0105\u0107 pracowa\u0107 dla klient\u00f3w zagranicznych<\/strong><\/h4>\n<p>W swojej prelekcji przedstawi histori\u0119 tego jak rozpocz\u0105\u0142 od zera przygod\u0119 z prac\u0105 dla zagranicznych klient\u00f3w. Zacz\u0119\u0142o si\u0119 od pomys\u0142u: \u201eHej! Mo\u017ce poszukajmy jakich\u015b klient\u00f3w z zagranicy!\u201d i pierwszych, niezbyt udanych pr\u00f3b ich pozyskania. W prezentacji opowie o tym dlaczego poradniki z popularnych portali dla freelancer\u00f3w nie zadzia\u0142a\u0142y, co zadzia\u0142a\u0142o, a tak\u017ce o jakich zagro\u017ceniach nie pomy\u015bleli\u015bmy. Na co nale\u017cy zwr\u00f3ci\u0107 uwag\u0119 w pracy z zagranicznymi klientami, na jakim rynku przychodzi nam si\u0119 odnale\u017a\u0107, jak komunikowa\u0107 swoj\u0105 mark\u0119 w tym zr\u00f3\u017cnicowanym i bardzo konkurencyjnym otoczeniu. Opowie o tym co najlepiej sprawdzi\u0142o si\u0119 na naszej drodze do pracy z klientami z USA, Kostaryki, Izraela, Norwegii, Danii, Niemiec, Australii, Kanady i innych kraj\u00f3w. Koniec ko\u0144c\u00f3w odpowie na pytanie czy naprawd\u0119 warto i czy klienci z zagranicy to zawsze najlepsze co nas mo\u017ce spotka\u0107.<\/p>\n\t\t\t\t<\/div>\n\t\t\t<\/div>\n\n\t\t\n\t\t\t<!-- Organizers note: The id attribute is deprecated and only remains for backwards compatibility, please use the corresponding class to target individual speakers -->\n\t\t\t<div id=\"wcorg-speaker-tomasz-trzoslo\" class=\"wcorg-speaker wcorg-speaker-tomasz-trzoslo wcorg-track-user\">\n\t\t\t\t<h2>\n\t\t\t\t\t\n\t\t\t\t\t\tTomasz Trz\u00f3s\u0142o\n\t\t\t\t\t\t\t\t\t<\/h2>\n\n\t\t\t\t<div class=\"wcorg-speaker-description\">\n\t\t\t\t\t<img alt='' src='https:\/\/secure.gravatar.com\/avatar\/bd45821cc2d42ef4af80dd605d90491ebb4d403449d5d0ac9baa9856d38ff2d2?s=100&#038;d=mm&#038;r=g' srcset='https:\/\/secure.gravatar.com\/avatar\/bd45821cc2d42ef4af80dd605d90491ebb4d403449d5d0ac9baa9856d38ff2d2?s=200&#038;d=mm&#038;r=g 2x' class='avatar avatar-100 photo' height='100' width='100' \/>\t\t\t\t\t<p><img loading=\"lazy\" decoding=\"async\" data-attachment-id=\"1298\" data-permalink=\"https:\/\/gdynia.wordcamp.org\/2016\/speaker\/tomasz-trzoslo\/dsc_0874-1\/\" data-orig-file=\"https:\/\/gdynia.wordcamp.org\/2016\/files\/2016\/07\/DSC_0874-1.jpg\" data-orig-size=\"2764,4146\" data-comments-opened=\"1\" data-image-meta=\"{&quot;aperture&quot;:&quot;0&quot;,&quot;credit&quot;:&quot;&quot;,&quot;camera&quot;:&quot;&quot;,&quot;caption&quot;:&quot;&quot;,&quot;created_timestamp&quot;:&quot;0&quot;,&quot;copyright&quot;:&quot;&quot;,&quot;focal_length&quot;:&quot;0&quot;,&quot;iso&quot;:&quot;0&quot;,&quot;shutter_speed&quot;:&quot;0&quot;,&quot;title&quot;:&quot;&quot;,&quot;orientation&quot;:&quot;0&quot;}\" data-image-title=\"Tomasz Trz\u00f3s\u0142o\" data-image-description=\"\" data-image-caption=\"\" data-large-file=\"https:\/\/gdynia.wordcamp.org\/2016\/files\/2016\/07\/DSC_0874-1-683x1024.jpg\" class=\"size-medium wp-image-1298 alignleft\" src=\"https:\/\/2016.gdynia.wordcamp.org\/files\/2016\/07\/DSC_0874-1-200x300.jpg\" alt=\"Tomasz Trz\u00f3s\u0142o\" width=\"200\" height=\"300\" srcset=\"https:\/\/gdynia.wordcamp.org\/2016\/files\/2016\/07\/DSC_0874-1-200x300.jpg 200w, https:\/\/gdynia.wordcamp.org\/2016\/files\/2016\/07\/DSC_0874-1-683x1024.jpg 683w\" sizes=\"auto, (max-width: 200px) 100vw, 200px\" \/>Ninja i Specjalista SEM i Analizy Danych. Jeden z <a href=\"http:\/\/www.google.pl\/adwords\/seminars\/leaders.html\" target=\"_blank\">Certyfikowanych Trener\u00f3w Google AdWords<\/a>. W bran\u017cy od 2008 roku. Na co dzie\u0144 prowadzi i optymalizuje kampanie adwords, analizuje statystyki Analytics by zapewni\u0107 swoim klientom najwy\u017cszy zwrot z inwestycji w reklam\u0119. Prelengent (Internetowe Rewolucje Googla) , Szkoleniowiec (mi\u0119dzy innymi Uniwersytet Shopera, PPNT Gdynia, Altkom Akademia). Prowadzi wyk\u0142ady na Uniwersytecie Jagiello\u0144skim.<\/p>\n<h3>Co to jest google tag manager i jak zintegrowa\u0107 go z WordPressem<\/h3>\n<p>Tag Manager &#8211; Musisz to mie\u0107! Jak zorganizowa\u0107 sobie prac\u0119 z GTM &#8211; przyk\u0142ady podstawowych i troch\u0119 bardziej zaawansowanych konfiguracji.<\/p>\n\t\t\t\t<\/div>\n\t\t\t<\/div>\n\n\t\t\n\t\t\t<!-- Organizers note: The id attribute is deprecated and only remains for backwards compatibility, please use the corresponding class to target individual speakers -->\n\t\t\t<div id=\"wcorg-speaker-valentin-vesa\" class=\"wcorg-speaker wcorg-speaker-valentin-vesa wcorg-track-open-2\">\n\t\t\t\t<h2>\n\t\t\t\t\t\n\t\t\t\t\t\tValentin Vesa\n\t\t\t\t\t\t\t\t\t<\/h2>\n\n\t\t\t\t<div class=\"wcorg-speaker-description\">\n\t\t\t\t\t<img alt='' src='https:\/\/secure.gravatar.com\/avatar\/f1fc27f814f9d8ab65f7fc04092c69ee27039804af8ffa776c0d71b3d55b34c4?s=100&#038;d=mm&#038;r=g' srcset='https:\/\/secure.gravatar.com\/avatar\/f1fc27f814f9d8ab65f7fc04092c69ee27039804af8ffa776c0d71b3d55b34c4?s=200&#038;d=mm&#038;r=g 2x' class='avatar avatar-100 photo' height='100' width='100' \/>\t\t\t\t\t<p><img loading=\"lazy\" decoding=\"async\" data-attachment-id=\"1235\" data-permalink=\"https:\/\/gdynia.wordcamp.org\/2016\/speaker\/valentin-vesa\/valentin-vesa-2\/\" data-orig-file=\"https:\/\/gdynia.wordcamp.org\/2016\/files\/2016\/06\/valentin-vesa.jpg\" data-orig-size=\"512,512\" data-comments-opened=\"1\" data-image-meta=\"{&quot;aperture&quot;:&quot;0&quot;,&quot;credit&quot;:&quot;&quot;,&quot;camera&quot;:&quot;&quot;,&quot;caption&quot;:&quot;&quot;,&quot;created_timestamp&quot;:&quot;0&quot;,&quot;copyright&quot;:&quot;&quot;,&quot;focal_length&quot;:&quot;0&quot;,&quot;iso&quot;:&quot;0&quot;,&quot;shutter_speed&quot;:&quot;0&quot;,&quot;title&quot;:&quot;&quot;,&quot;orientation&quot;:&quot;0&quot;}\" data-image-title=\"valentin vesa\" data-image-description=\"\" data-image-caption=\"\" data-large-file=\"https:\/\/gdynia.wordcamp.org\/2016\/files\/2016\/06\/valentin-vesa.jpg\" class=\"size-medium wp-image-1235 alignleft\" src=\"https:\/\/2016.gdynia.wordcamp.org\/files\/2016\/06\/valentin-vesa-300x300.jpg\" alt=\"valentin vesa\" width=\"300\" height=\"300\" srcset=\"https:\/\/gdynia.wordcamp.org\/2016\/files\/2016\/06\/valentin-vesa-300x300.jpg 300w, https:\/\/gdynia.wordcamp.org\/2016\/files\/2016\/06\/valentin-vesa-150x150.jpg 150w, https:\/\/gdynia.wordcamp.org\/2016\/files\/2016\/06\/valentin-vesa.jpg 512w\" sizes=\"auto, (max-width: 300px) 100vw, 300px\" \/>Valentin is the Brand Evangelist at Sucuri. He is very passionate about technology and online marketing. Some of his interests include CMS hardening and tech writing. He loves to play ping-pong, go swimming, and spend quality time with his family. Follow him on Twitter at @adspedia.<\/p>\n<h3>How being hacked turned out to be the best thing that happened to me<\/h3>\n<p>In this session you\u2019ll hear about my passion for WordPress and the first time I experienced having my website hacked helped me create a secured online presence for our family project, turned multinational charity program and landed me my dream job, allowing me to work to protect WordPress sites from hackers. It opened opportunities, allows me to work remotely for an American company, while still living in Europe (Cluj, Romania) and also providing enough time to manage the volunteers behind the ShoeBox Project.<\/p>\n\t\t\t\t<\/div>\n\t\t\t<\/div>\n\n\t\t\n\t<\/div>\n\n\t\n<p>&nbsp;<\/p>\n","protected":false},"excerpt":{"rendered":"<p>Tematem przewodnim tegorocznego WordCampa jest #kreatywno\u015b\u0107. Dlaczego? WordPress odgrywa du\u017c\u0105 rol\u0119 w bran\u017cy kreatywnej &#8211; korzystaj\u0105 z niego arty\u015bci zajmuj\u0105cy si\u0119 fotografi\u0105, grafik\u0105, animacj\u0105, designem, blogerzy czy pisarze. Co wi\u0119cej &#8211; bycie WordPressowym deweloperem wymaga kreatywno\u015bci, otwarto\u015bci umys\u0142u czy \u017cy\u0142ki poszukiwacza. Tworzenie &#8222;internet\u00f3w&#8221; to nie tylko pisanie kolejnych linijek kodu &#8211; programi\u015bci, front i backendowcy, &hellip; <a href=\"https:\/\/gdynia.wordcamp.org\/2016\/speaker\/valentin-vesa\/\" class=\"more-link\">Czytaj dalej <span class=\"screen-reader-text\">Valentin Vesa<\/span> <span class=\"meta-nav\">&rarr;<\/span><\/a><\/p>\n","protected":false},"author":7315828,"featured_media":0,"parent":0,"menu_order":0,"comment_status":"closed","ping_status":"closed","template":"","meta":{"_crdt_document":"","jetpack_post_was_ever_published":false,"footnotes":""},"class_list":["post-314","page","type-page","status-publish","hentry"],"jetpack_sharing_enabled":true,"jetpack_shortlink":"https:\/\/wp.me\/P763Fe-54","_links":{"self":[{"href":"https:\/\/gdynia.wordcamp.org\/2016\/wp-json\/wp\/v2\/pages\/314","targetHints":{"allow":["GET"]}}],"collection":[{"href":"https:\/\/gdynia.wordcamp.org\/2016\/wp-json\/wp\/v2\/pages"}],"about":[{"href":"https:\/\/gdynia.wordcamp.org\/2016\/wp-json\/wp\/v2\/types\/page"}],"author":[{"embeddable":true,"href":"https:\/\/gdynia.wordcamp.org\/2016\/wp-json\/wp\/v2\/users\/7315828"}],"replies":[{"embeddable":true,"href":"https:\/\/gdynia.wordcamp.org\/2016\/wp-json\/wp\/v2\/comments?post=314"}],"version-history":[{"count":16,"href":"https:\/\/gdynia.wordcamp.org\/2016\/wp-json\/wp\/v2\/pages\/314\/revisions"}],"predecessor-version":[{"id":1095,"href":"https:\/\/gdynia.wordcamp.org\/2016\/wp-json\/wp\/v2\/pages\/314\/revisions\/1095"}],"wp:attachment":[{"href":"https:\/\/gdynia.wordcamp.org\/2016\/wp-json\/wp\/v2\/media?parent=314"}],"curies":[{"name":"wp","href":"https:\/\/api.w.org\/{rel}","templated":true}]}}